{"id":8495,"date":"2020-01-08T19:56:43","date_gmt":"2020-01-08T22:56:43","guid":{"rendered":"http:\/\/localhost\/queijosaovicente\/?page_id=8495"},"modified":"2025-12-12T07:07:46","modified_gmt":"2025-12-12T10:07:46","slug":"inicio","status":"publish","type":"page","link":"https:\/\/queijosaovicente.com.br\/site-040825\/","title":{"rendered":"In\u00edcio"},"content":{"rendered":"\t\t<div data-elementor-type=\"wp-page\" data-elementor-id=\"8495\" class=\"elementor elementor-8495\" data-elementor-post-type=\"page\">\n\t\t\t\t<div class=\"elementor-element elementor-element-d9f47e4 e-con-full e-flex e-con e-parent\" data-id=\"d9f47e4\" data-element_type=\"container\" data-e-type=\"container\">\n\t\t\t\t<div class=\"elementor-element elementor-element-7a1d576 elementor-widget elementor-widget-slider_revolution\" data-id=\"7a1d576\" data-element_type=\"widget\" data-e-type=\"widget\" data-widget_type=\"slider_revolution.default\">\n\t\t\t\t<div class=\"elementor-widget-container\">\n\t\t\t\t\t\n\t\t<div class=\"wp-block-themepunch-revslider\">\n\t\t\t\t<p class=\"rs-p-wp-fix\"><\/p>\n\t\t\t\t<sr7-module data-alias=\"homeslider\" data-id=\"1\" id=\"SR7_1_1\" class=\"rs-ov-hidden\" data-version=\"6.7.51\">\n\t\t\t\t\t<sr7-adjuster><\/sr7-adjuster>\n\t\t\t\t\t<sr7-content>\n\t\t\t\t\t\t<sr7-slide id=\"SR7_1_1-16\" data-key=\"16\">\n\t\t\t\t\t\t\t<sr7-bg id=\"SR7_1_1-16-3\" class=\"sr7-layer\"><noscript><img decoding=\"async\" src=\"https:\/\/queijosaovicente.com.br\/wp-content\/uploads\/2025\/04\/banner-fondues-desktop-min.png\" alt=\"Fondues S\u00e3o Vicente\" title=\"Fondues S\u00e3o Vicente\"><\/noscript><\/sr7-bg>\n\t\t\t\t\t\t<\/sr7-slide>\n\t\t\t\t\t\t<sr7-slide id=\"SR7_1_1-7\" data-key=\"7\">\n\t\t\t\t\t\t\t<sr7-bg id=\"SR7_1_1-7-3\" class=\"sr7-layer\"><noscript><img decoding=\"async\" src=\"https:\/\/queijosaovicente.com.br\/wp-content\/uploads\/2025\/05\/banner-coalho-desktop-v2-min.png\" alt=\"Queijo de Coalho\" title=\"Queijo de Coalho\"><\/noscript><\/sr7-bg>\n\t\t\t\t\t\t<\/sr7-slide>\n\t\t\t\t\t\t<sr7-slide id=\"SR7_1_1-6\" data-key=\"6\">\n\t\t\t\t\t\t\t<sr7-bg id=\"SR7_1_1-6-3\" class=\"sr7-layer\"><noscript><img decoding=\"async\" src=\"https:\/\/queijosaovicente.com.br\/wp-content\/uploads\/2025\/04\/banner-food-desktop-min.png\" alt=\"\" title=\"banner-food-desktop-min\"><\/noscript><\/sr7-bg>\n\t\t\t\t\t\t<\/sr7-slide>\n\t\t\t\t\t\t<sr7-slide id=\"SR7_1_1-13\" data-key=\"13\">\n\t\t\t\t\t\t\t<sr7-bg id=\"SR7_1_1-13-3\" class=\"sr7-layer\"><noscript><img decoding=\"async\" src=\"https:\/\/queijosaovicente.com.br\/wp-content\/uploads\/2023\/11\/Banner_Mofo-Azul.png\" alt=\"Linha Mofo Azul, sabor intenso e aroma perfeito. Esse \u00e9 o queijo Azul das Vertentes.\" title=\"Linha Mofo Azul, sabor intenso e aroma perfeito. Esse \u00e9 o queijo Azul das Vertentes.\"><\/noscript><\/sr7-bg>\n\t\t\t\t\t\t<\/sr7-slide>\n\t\t\t\t\t\t<sr7-slide id=\"SR7_1_1-14\" data-key=\"14\">\n\t\t\t\t\t\t\t<sr7-bg id=\"SR7_1_1-14-3\" class=\"sr7-layer\"><noscript><img decoding=\"async\" src=\"https:\/\/queijosaovicente.com.br\/wp-content\/uploads\/2023\/11\/Banner_Mofo-Branco.png\" alt=\"Linha Mofo Branco, descubra a delicadeza suprema dos queijos Brie e Camembert.\" title=\"Linha Mofo Branco, descubra a delicadeza suprema dos queijos Brie e Camembert.\"><\/noscript><\/sr7-bg>\n\t\t\t\t\t\t<\/sr7-slide>\n\t\t\t\t\t\t<sr7-slide id=\"SR7_1_1-5\" data-key=\"5\">\n\t\t\t\t\t\t\t<sr7-bg id=\"SR7_1_1-5-3\" class=\"sr7-layer\"><noscript><img decoding=\"async\" src=\"https:\/\/queijosaovicente.com.br\/wp-content\/uploads\/2025\/04\/banner-convite-super-rio-v4-desktop-min.png\" alt=\"\" title=\"banner-convite super rio-v4-desktop-min\"><\/noscript><\/sr7-bg>\n\t\t\t\t\t\t<\/sr7-slide>\n\t\t\t\t\t\t<sr7-slide id=\"SR7_1_1-1\" data-key=\"1\">\n\t\t\t\t\t\t\t<sr7-bg id=\"SR7_1_1-1-3\" class=\"sr7-layer\"><noscript><img decoding=\"async\" src=\"https:\/\/queijosaovicente.com.br\/wp-content\/uploads\/2023\/11\/Banner_Specialite.png\" alt=\"S\u00e3o Vicente Sp\u00e9cialit\u00e9\u200b, sabor e sofistica\u00e7\u00e3o para paladares exigentes.\" title=\"S\u00e3o Vicente Sp\u00e9cialit\u00e9\u200b, sabor e sofistica\u00e7\u00e3o para paladares exigentes.\"><\/noscript><\/sr7-bg>\n\t\t\t\t\t\t<\/sr7-slide>\n\t\t\t\t\t\t<sr7-slide id=\"SR7_1_1-9\" data-key=\"9\">\n\t\t\t\t\t\t<\/sr7-slide>\n\t\t\t\t\t<\/sr7-content>\n\t\t\t\t\t<image_lists style=\"display:none\">\n\t\t\t\t\t\t<img data-src=\"\/\/queijosaovicente.com.br\/wp-content\/uploads\/2023\/11\/Banner_Specialite_Mobile.png\" data-libid=\"10403\" data-lib=\"medialibrary\" alt=\"S\u00e3o Vicente Sp\u00e9cialit\u00e9\u200b, sabor e sofistica\u00e7\u00e3o para paladares exigentes.\" title=\"S\u00e3o Vicente Sp\u00e9cialit\u00e9\u200b, sabor e sofistica\u00e7\u00e3o para paladares exigentes.\" width=\"0\" height=\"0\" data-dbsrc=\"Ly9xdWVpam9zYW92aWNlbnRlLmNvbS5ici93cC1jb250ZW50L3VwbG9hZHMvMjAyMy8xMS9CYW5uZXJfU3BlY2lhbGl0ZV9Nb2JpbGUucG5n\"\/>\n\t\t\t\t\t\t<img data-src=\"\/\/queijosaovicente.com.br\/wp-content\/uploads\/2023\/11\/Banner_Specialite.png\" data-libid=\"10402\" data-lib=\"medialibrary\" alt=\"S\u00e3o Vicente Sp\u00e9cialit\u00e9\u200b, sabor e sofistica\u00e7\u00e3o para paladares exigentes.\" title=\"S\u00e3o Vicente Sp\u00e9cialit\u00e9\u200b, sabor e sofistica\u00e7\u00e3o para paladares exigentes.\" width=\"0\" height=\"0\" data-dbsrc=\"Ly9xdWVpam9zYW92aWNlbnRlLmNvbS5ici93cC1jb250ZW50L3VwbG9hZHMvMjAyMy8xMS9CYW5uZXJfU3BlY2lhbGl0ZS5wbmc=\"\/>\n\t\t\t\t\t\t<img data-src=\"\/\/queijosaovicente.com.br\/wp-content\/uploads\/2025\/04\/banner-convite-super-rio-v4-mobile-min.png\" data-libid=\"11762\" data-lib=\"medialibrary\" title=\"banner-convite super rio-v4-mobile-min\" width=\"0\" height=\"0\" data-dbsrc=\"Ly9xdWVpam9zYW92aWNlbnRlLmNvbS5ici93cC1jb250ZW50L3VwbG9hZHMvMjAyNS8wNC9iYW5uZXItY29udml0ZS1zdXBlci1yaW8tdjQtbW9iaWxlLW1pbi5wbmc=\"\/>\n\t\t\t\t\t\t<img loading=\"lazy\" data-src=\"\/\/queijosaovicente.com.br\/wp-content\/uploads\/2025\/04\/banner-convite-super-rio-v4-desktop-min.png\" data-libid=\"11761\" data-lib=\"medialibrary\" title=\"banner-convite super rio-v4-desktop-min\" width=\"0\" height=\"0\" data-dbsrc=\"Ly9xdWVpam9zYW92aWNlbnRlLmNvbS5ici93cC1jb250ZW50L3VwbG9hZHMvMjAyNS8wNC9iYW5uZXItY29udml0ZS1zdXBlci1yaW8tdjQtZGVza3RvcC1taW4ucG5n\"\/>\n\t\t\t\t\t\t<img loading=\"lazy\" data-src=\"\/\/queijosaovicente.com.br\/wp-content\/uploads\/2025\/04\/banner-food-mobile-min.png\" data-libid=\"11784\" data-lib=\"medialibrary\" title=\"banner-food-mobile-min\" width=\"0\" height=\"0\" data-dbsrc=\"Ly9xdWVpam9zYW92aWNlbnRlLmNvbS5ici93cC1jb250ZW50L3VwbG9hZHMvMjAyNS8wNC9iYW5uZXItZm9vZC1tb2JpbGUtbWluLnBuZw==\"\/>\n\t\t\t\t\t\t<img loading=\"lazy\" data-src=\"\/\/queijosaovicente.com.br\/wp-content\/uploads\/2025\/04\/banner-food-desktop-min.png\" data-libid=\"11783\" data-lib=\"medialibrary\" title=\"banner-food-desktop-min\" width=\"0\" height=\"0\" data-dbsrc=\"Ly9xdWVpam9zYW92aWNlbnRlLmNvbS5ici93cC1jb250ZW50L3VwbG9hZHMvMjAyNS8wNC9iYW5uZXItZm9vZC1kZXNrdG9wLW1pbi5wbmc=\"\/>\n\t\t\t\t\t\t<img loading=\"lazy\" data-src=\"\/\/queijosaovicente.com.br\/wp-content\/uploads\/2025\/05\/banner-coalho-mobile-min.png\" data-libid=\"11959\" data-lib=\"medialibrary\" alt=\"Queijo de Coalho\" title=\"Queijo de Coalho\" width=\"0\" height=\"0\" data-dbsrc=\"Ly9xdWVpam9zYW92aWNlbnRlLmNvbS5ici93cC1jb250ZW50L3VwbG9hZHMvMjAyNS8wNS9iYW5uZXItY29hbGhvLW1vYmlsZS1taW4ucG5n\"\/>\n\t\t\t\t\t\t<img loading=\"lazy\" data-src=\"\/\/queijosaovicente.com.br\/wp-content\/uploads\/2025\/05\/banner-coalho-desktop-v2-min.png\" data-libid=\"11960\" data-lib=\"medialibrary\" alt=\"Queijo de Coalho\" title=\"Queijo de Coalho\" width=\"0\" height=\"0\" data-dbsrc=\"Ly9xdWVpam9zYW92aWNlbnRlLmNvbS5ici93cC1jb250ZW50L3VwbG9hZHMvMjAyNS8wNS9iYW5uZXItY29hbGhvLWRlc2t0b3AtdjItbWluLnBuZw==\"\/>\n\t\t\t\t\t\t<img loading=\"lazy\" data-src=\"\/\/queijosaovicente.com.br\/wp-content\/uploads\/2023\/11\/Banner_Mofo-Azul_Mobile.png\" data-libid=\"10401\" data-lib=\"medialibrary\" alt=\"Linha Mofo Azul, sabor intenso e aroma perfeito. Esse \u00e9 o queijo Azul das Vertentes.\" title=\"Linha Mofo Azul, sabor intenso e aroma perfeito. Esse \u00e9 o queijo Azul das Vertentes.\" width=\"0\" height=\"0\" data-dbsrc=\"Ly9xdWVpam9zYW92aWNlbnRlLmNvbS5ici93cC1jb250ZW50L3VwbG9hZHMvMjAyMy8xMS9CYW5uZXJfTW9mby1BenVsX01vYmlsZS5wbmc=\"\/>\n\t\t\t\t\t\t<img loading=\"lazy\" data-src=\"\/\/queijosaovicente.com.br\/wp-content\/uploads\/2023\/11\/Banner_Mofo-Azul.png\" data-libid=\"10400\" data-lib=\"medialibrary\" alt=\"Linha Mofo Azul, sabor intenso e aroma perfeito. Esse \u00e9 o queijo Azul das Vertentes.\" title=\"Linha Mofo Azul, sabor intenso e aroma perfeito. Esse \u00e9 o queijo Azul das Vertentes.\" width=\"0\" height=\"0\" data-dbsrc=\"Ly9xdWVpam9zYW92aWNlbnRlLmNvbS5ici93cC1jb250ZW50L3VwbG9hZHMvMjAyMy8xMS9CYW5uZXJfTW9mby1BenVsLnBuZw==\"\/>\n\t\t\t\t\t\t<img loading=\"lazy\" data-src=\"\/\/queijosaovicente.com.br\/wp-content\/uploads\/2023\/11\/Banner_Mofo-Branco_Mobile.png\" data-libid=\"10399\" data-lib=\"medialibrary\" alt=\"Linha Mofo Branco, descubra a delicadeza suprema dos queijos Brie e Camembert.\" title=\"Linha Mofo Branco, descubra a delicadeza suprema dos queijos Brie e Camembert.\" width=\"0\" height=\"0\" data-dbsrc=\"Ly9xdWVpam9zYW92aWNlbnRlLmNvbS5ici93cC1jb250ZW50L3VwbG9hZHMvMjAyMy8xMS9CYW5uZXJfTW9mby1CcmFuY29fTW9iaWxlLnBuZw==\"\/>\n\t\t\t\t\t\t<img loading=\"lazy\" data-src=\"\/\/queijosaovicente.com.br\/wp-content\/uploads\/2023\/11\/Banner_Mofo-Branco.png\" data-libid=\"10398\" data-lib=\"medialibrary\" alt=\"Linha Mofo Branco, descubra a delicadeza suprema dos queijos Brie e Camembert.\" title=\"Linha Mofo Branco, descubra a delicadeza suprema dos queijos Brie e Camembert.\" width=\"0\" height=\"0\" data-dbsrc=\"Ly9xdWVpam9zYW92aWNlbnRlLmNvbS5ici93cC1jb250ZW50L3VwbG9hZHMvMjAyMy8xMS9CYW5uZXJfTW9mby1CcmFuY28ucG5n\"\/>\n\t\t\t\t\t\t<img loading=\"lazy\" data-src=\"\/\/queijosaovicente.com.br\/wp-content\/uploads\/2025\/04\/banner-fondues-mobile-min.png\" data-libid=\"11781\" data-lib=\"medialibrary\" alt=\"Fondues S\u00e3o Vicente\" title=\"Fondues S\u00e3o Vicente\" width=\"0\" height=\"0\" data-dbsrc=\"Ly9xdWVpam9zYW92aWNlbnRlLmNvbS5ici93cC1jb250ZW50L3VwbG9hZHMvMjAyNS8wNC9iYW5uZXItZm9uZHVlcy1tb2JpbGUtbWluLnBuZw==\"\/>\n\t\t\t\t\t\t<img loading=\"lazy\" data-src=\"\/\/queijosaovicente.com.br\/wp-content\/uploads\/2025\/04\/banner-fondues-desktop-min.png\" data-libid=\"11780\" data-lib=\"medialibrary\" alt=\"Fondues S\u00e3o Vicente\" title=\"Fondues S\u00e3o Vicente\" width=\"0\" height=\"0\" data-dbsrc=\"Ly9xdWVpam9zYW92aWNlbnRlLmNvbS5ici93cC1jb250ZW50L3VwbG9hZHMvMjAyNS8wNC9iYW5uZXItZm9uZHVlcy1kZXNrdG9wLW1pbi5wbmc=\"\/>\n\t\t\t\t\t<\/image_lists>\n\t\t\t\t<\/sr7-module>\n\t\t\t\t<script>\n\t\t\t\t\twindow.SR7 ??={};SR7.PMH ??={}; SR7.PMH[\"SR7_1_1\"] = {cn:100,state:false,fn: function() { if (window._tpt!==undefined && window._tpt.prepareModuleHeight !== undefined) {  _tpt.prepareModuleHeight({id:\"SR7_1_1\",el:[601,601,601,601,801],type:'standard',shdw:'0',gh:[601,601,601,601,801],gw:[1920,1920,1920,778,401],vpt:['-100px&#039;,&#039;-100px&#039;,&#039;-100px&#039;,&#039;-100px&#039;,&#039;-100px'],size:{fullWidth:true, fullHeight:false},mh:'0',onh:0,onw:0,bg:{color:'{\"orig\":\"transparent\",\"type\":\"solid\",\"string\":\"transparent\"}'},plType:'-1',plColor:'#FFFFFF'});   SR7.PMH[\"SR7_1_1\"].state=true;} else if(SR7.PMH[\"SR7_1_1\"].cn-->0)\tsetTimeout( SR7.PMH[\"SR7_1_1\"].fn,19);}};SR7.PMH[\"SR7_1_1\" ].fn();\n\t\t\t\t<\/script>\n<\/div>\n\n\t\t\t\t\t\t<\/div>\n\t\t\t\t<\/div>\n\t\t\t\t<\/div>\n\t\t\t\t<section class=\"elementor-section elementor-top-section elementor-element elementor-element-ff6dc45 elementor-section-boxed elementor-section-height-default elementor-section-height-default\" data-id=\"ff6dc45\" data-element_type=\"section\" data-e-type=\"section\">\n\t\t\t\t\t\t<div class=\"elementor-container elementor-column-gap-default\">\n\t\t\t\t\t<div class=\"elementor-column elementor-col-50 elementor-top-column elementor-element elementor-element-72e6bdf\" data-id=\"72e6bdf\" data-element_type=\"column\" data-e-type=\"column\">\n\t\t\t<div class=\"elementor-widget-wrap elementor-element-populated\">\n\t\t\t\t\t\t<div class=\"elementor-element elementor-element-56e0765 elementor-widget elementor-widget-text-editor\" data-id=\"56e0765\" data-element_type=\"widget\" data-e-type=\"widget\" data-widget_type=\"text-editor.default\">\n\t\t\t\t<div class=\"elementor-widget-container\">\n\t\t\t\t\t\t\t\t\t<p>ORIGEM MINEIRA, <br \/>TRADI\u00c7\u00c3O DINAMARQUESA.<\/p>\t\t\t\t\t\t\t\t<\/div>\n\t\t\t\t<\/div>\n\t\t\t\t<div class=\"elementor-element elementor-element-3f27373 elementor-widget elementor-widget-text-editor\" data-id=\"3f27373\" data-element_type=\"widget\" data-e-type=\"widget\" data-widget_type=\"text-editor.default\">\n\t\t\t\t<div class=\"elementor-widget-container\">\n\t\t\t\t\t\t\t\t\t<p>No in\u00edcio do s\u00e9culo passado, imigrantes dinamarqueses chegaram ao sul de Minas trazendo t\u00e9cnicas singulares para a produ\u00e7\u00e3o de queijos especiais.<\/p><p>Os ensinamentos e o pioneirismo dos imigrantes est\u00e3o enraizados na cultura da <strong>S\u00e3o Vicente<\/strong>, que \u00e9 refer\u00eancia em inova\u00e7\u00e3o e qualidade na produ\u00e7\u00e3o de queijos especiais, oferecendo uma linha diversificada, uma qualidade primorosa e um sabor inconfund\u00edvel.<\/p>\t\t\t\t\t\t\t\t<\/div>\n\t\t\t\t<\/div>\n\t\t\t\t<div class=\"elementor-element elementor-element-cec75f4 elementor-align-right elementor-widget elementor-widget-button\" data-id=\"cec75f4\" data-element_type=\"widget\" data-e-type=\"widget\" data-widget_type=\"button.default\">\n\t\t\t\t<div class=\"elementor-widget-container\">\n\t\t\t\t\t\t\t\t\t<div class=\"elementor-button-wrapper\">\n\t\t\t\t\t<a class=\"elementor-button elementor-button-link elementor-size-sm\" href=\"https:\/\/queijosaovicente.com.br\/site-040825\/quem-somos\/\">\n\t\t\t\t\t\t<span class=\"elementor-button-content-wrapper\">\n\t\t\t\t\t\t\t\t\t<span class=\"elementor-button-text\">Conhe\u00e7a a hist\u00f3ria completa<\/span>\n\t\t\t\t\t<\/span>\n\t\t\t\t\t<\/a>\n\t\t\t\t<\/div>\n\t\t\t\t\t\t\t\t<\/div>\n\t\t\t\t<\/div>\n\t\t\t\t\t<\/div>\n\t\t<\/div>\n\t\t\t\t<div class=\"elementor-column elementor-col-50 elementor-top-column elementor-element elementor-element-0ed5fb0\" data-id=\"0ed5fb0\" data-element_type=\"column\" data-e-type=\"column\">\n\t\t\t<div class=\"elementor-widget-wrap elementor-element-populated\">\n\t\t\t\t\t\t<div class=\"elementor-element elementor-element-a324fc8 elementor-widget elementor-widget-image\" data-id=\"a324fc8\" data-element_type=\"widget\" data-e-type=\"widget\" data-widget_type=\"image.default\">\n\t\t\t\t<div class=\"elementor-widget-container\">\n\t\t\t\t\t\t\t\t\t\t\t\t\t\t\t<img loading=\"lazy\" decoding=\"async\" width=\"1024\" height=\"1024\" src=\"https:\/\/queijosaovicente.com.br\/site-040825\/wp-content\/uploads\/2023\/11\/queijos-sao-vicente-nossa-historia-1024x1024.png\" class=\"attachment-large size-large wp-image-10576\" alt=\"Queijos S\u00e3o Vicente - Nossa Hist\u00f3ria\" srcset=\"https:\/\/queijosaovicente.com.br\/site-040825\/wp-content\/uploads\/2023\/11\/queijos-sao-vicente-nossa-historia-1024x1024.png 1024w, https:\/\/queijosaovicente.com.br\/site-040825\/wp-content\/uploads\/2023\/11\/queijos-sao-vicente-nossa-historia-300x300.png 300w, https:\/\/queijosaovicente.com.br\/site-040825\/wp-content\/uploads\/2023\/11\/queijos-sao-vicente-nossa-historia-150x150.png 150w, https:\/\/queijosaovicente.com.br\/site-040825\/wp-content\/uploads\/2023\/11\/queijos-sao-vicente-nossa-historia-768x768.png 768w, https:\/\/queijosaovicente.com.br\/site-040825\/wp-content\/uploads\/2023\/11\/queijos-sao-vicente-nossa-historia.png 1080w\" sizes=\"(max-width: 1024px) 100vw, 1024px\" \/>\t\t\t\t\t\t\t\t\t\t\t\t\t\t\t<\/div>\n\t\t\t\t<\/div>\n\t\t\t\t\t<\/div>\n\t\t<\/div>\n\t\t\t\t\t<\/div>\n\t\t<\/section>\n\t\t\t\t<section class=\"elementor-section elementor-top-section elementor-element elementor-element-9ff6f02 elementor-section-stretched elementor-section-full_width elementor-section-height-default elementor-section-height-default\" data-id=\"9ff6f02\" data-element_type=\"section\" data-e-type=\"section\" data-settings=\"{&quot;stretch_section&quot;:&quot;section-stretched&quot;}\">\n\t\t\t\t\t\t<div class=\"elementor-container elementor-column-gap-default\">\n\t\t\t\t\t<div class=\"elementor-column elementor-col-100 elementor-top-column elementor-element elementor-element-de90078\" data-id=\"de90078\" data-element_type=\"column\" data-e-type=\"column\">\n\t\t\t<div class=\"elementor-widget-wrap elementor-element-populated\">\n\t\t\t\t\t\t<div class=\"elementor-element elementor-element-3123db7 elementor-hidden-tablet elementor-hidden-mobile elementor-widget elementor-widget-image\" data-id=\"3123db7\" data-element_type=\"widget\" data-e-type=\"widget\" data-widget_type=\"image.default\">\n\t\t\t\t<div class=\"elementor-widget-container\">\n\t\t\t\t\t\t\t\t\t\t\t\t\t\t\t\t<a href=\"https:\/\/https:\/\/queijosaovicente.com.br\/site-040825\/\/nossos-queijos\/\">\n\t\t\t\t\t\t\t<img loading=\"lazy\" decoding=\"async\" width=\"1921\" height=\"601\" src=\"https:\/\/queijosaovicente.com.br\/site-040825\/wp-content\/uploads\/2023\/11\/Banner_Packshot.png\" class=\"attachment-full size-full wp-image-10386\" alt=\"S\u00e3o Vicente, cada queijo uma experi\u00eancia \u00fanica. Conhe\u00e7a a linha completa.\" srcset=\"https:\/\/queijosaovicente.com.br\/site-040825\/wp-content\/uploads\/2023\/11\/Banner_Packshot.png 1921w, https:\/\/queijosaovicente.com.br\/site-040825\/wp-content\/uploads\/2023\/11\/Banner_Packshot-300x94.png 300w, https:\/\/queijosaovicente.com.br\/site-040825\/wp-content\/uploads\/2023\/11\/Banner_Packshot-1024x320.png 1024w, https:\/\/queijosaovicente.com.br\/site-040825\/wp-content\/uploads\/2023\/11\/Banner_Packshot-768x240.png 768w, https:\/\/queijosaovicente.com.br\/site-040825\/wp-content\/uploads\/2023\/11\/Banner_Packshot-1536x481.png 1536w\" sizes=\"(max-width: 1921px) 100vw, 1921px\" \/>\t\t\t\t\t\t\t\t<\/a>\n\t\t\t\t\t\t\t\t\t\t\t\t\t\t\t<\/div>\n\t\t\t\t<\/div>\n\t\t\t\t<div class=\"elementor-element elementor-element-3cfc0ca elementor-hidden-desktop elementor-widget elementor-widget-image\" data-id=\"3cfc0ca\" data-element_type=\"widget\" data-e-type=\"widget\" data-widget_type=\"image.default\">\n\t\t\t\t<div class=\"elementor-widget-container\">\n\t\t\t\t\t\t\t\t\t\t\t\t\t\t\t\t<a href=\"https:\/\/https:\/\/queijosaovicente.com.br\/site-040825\/\/nossos-queijos\/\">\n\t\t\t\t\t\t\t<img loading=\"lazy\" decoding=\"async\" width=\"401\" height=\"801\" src=\"https:\/\/queijosaovicente.com.br\/site-040825\/wp-content\/uploads\/2023\/11\/Banner_Packshot_Mobile.png\" class=\"attachment-large size-large wp-image-10387\" alt=\"S\u00e3o Vicente, cada queijo uma experi\u00eancia \u00fanica. Conhe\u00e7a a linha completa.\" srcset=\"https:\/\/queijosaovicente.com.br\/site-040825\/wp-content\/uploads\/2023\/11\/Banner_Packshot_Mobile.png 401w, https:\/\/queijosaovicente.com.br\/site-040825\/wp-content\/uploads\/2023\/11\/Banner_Packshot_Mobile-150x300.png 150w\" sizes=\"(max-width: 401px) 100vw, 401px\" \/>\t\t\t\t\t\t\t\t<\/a>\n\t\t\t\t\t\t\t\t\t\t\t\t\t\t\t<\/div>\n\t\t\t\t<\/div>\n\t\t\t\t\t<\/div>\n\t\t<\/div>\n\t\t\t\t\t<\/div>\n\t\t<\/section>\n\t\t\t\t<section class=\"elementor-section elementor-top-section elementor-element elementor-element-cd00fa1 elementor-section-stretched section-blogX section-blog-white elementor-section-boxed elementor-section-height-default elementor-section-height-default\" data-id=\"cd00fa1\" data-element_type=\"section\" data-e-type=\"section\" data-settings=\"{&quot;stretch_section&quot;:&quot;section-stretched&quot;,&quot;background_background&quot;:&quot;classic&quot;}\">\n\t\t\t\t\t\t<div class=\"elementor-container elementor-column-gap-default\">\n\t\t\t\t\t<div class=\"elementor-column elementor-col-100 elementor-top-column elementor-element elementor-element-3f63f59\" data-id=\"3f63f59\" data-element_type=\"column\" data-e-type=\"column\">\n\t\t\t<div class=\"elementor-widget-wrap elementor-element-populated\">\n\t\t\t\t\t\t<div class=\"elementor-element elementor-element-5d298d0 title-blog elementor-widget elementor-widget-text-editor\" data-id=\"5d298d0\" data-element_type=\"widget\" data-e-type=\"widget\" data-widget_type=\"text-editor.default\">\n\t\t\t\t<div class=\"elementor-widget-container\">\n\t\t\t\t\t\t\t\t\t<p style=\"text-align: center;\">Not\u00edcias, dicas e receitas<\/p>\t\t\t\t\t\t\t\t<\/div>\n\t\t\t\t<\/div>\n\t\t\t\t<div class=\"elementor-element elementor-element-9a82d23 elementor-grid-eael-col-3 elementor-grid-tablet-eael-col-2 elementor-grid-mobile-eael-col-1 elementor-widget elementor-widget-eael-post-grid\" data-id=\"9a82d23\" data-element_type=\"widget\" data-e-type=\"widget\" data-settings=\"{&quot;eael_post_grid_columns&quot;:&quot;eael-col-3&quot;,&quot;eael_post_grid_columns_tablet&quot;:&quot;eael-col-2&quot;,&quot;eael_post_grid_columns_mobile&quot;:&quot;eael-col-1&quot;}\" data-widget_type=\"eael-post-grid.default\">\n\t\t\t\t<div class=\"elementor-widget-container\">\n\t\t\t\t\t<div id=\"eael-post-grid-9a82d23\" class=\"eael-post-grid-container\">\n            <div class=\"eael-post-grid eael-post-appender eael-post-appender-9a82d23 eael-post-grid-style-one\" data-layout-mode=\"grid\"><article class=\"eael-grid-post  eael-post-grid-column eael-pg-post-11963 category-espaco-gourmet\" data-id=\"11963\">\n        <div class=\"eael-grid-post-holder\">\n            <div class=\"eael-grid-post-holder-inner\"><div class=\"eael-entry-media\"><div class=\"eael-entry-overlay fade-in\"><i class=\"fas fa-cheese\" aria-hidden=\"true\"><\/i><a href=\"https:\/\/queijosaovicente.com.br\/site-040825\/quiche-de-frango\/\"><\/a><\/div><div class=\"eael-entry-thumbnail eael-image-ratio\">\n                <img loading=\"lazy\" decoding=\"async\" width=\"768\" height=\"512\" src=\"https:\/\/queijosaovicente.com.br\/site-040825\/wp-content\/uploads\/2025\/05\/quiche-de-frango-min-768x512.jpg\" class=\"attachment-medium_large size-medium_large wp-image-11962\" alt=\"Quiche de Frango\" srcset=\"https:\/\/queijosaovicente.com.br\/site-040825\/wp-content\/uploads\/2025\/05\/quiche-de-frango-min-768x512.jpg 768w, https:\/\/queijosaovicente.com.br\/site-040825\/wp-content\/uploads\/2025\/05\/quiche-de-frango-min-300x200.jpg 300w, https:\/\/queijosaovicente.com.br\/site-040825\/wp-content\/uploads\/2025\/05\/quiche-de-frango-min-1024x683.jpg 1024w, https:\/\/queijosaovicente.com.br\/site-040825\/wp-content\/uploads\/2025\/05\/quiche-de-frango-min-1536x1024.jpg 1536w, https:\/\/queijosaovicente.com.br\/site-040825\/wp-content\/uploads\/2025\/05\/quiche-de-frango-min-2048x1365.jpg 2048w\" sizes=\"(max-width: 768px) 100vw, 768px\" \/>\n            <\/div>\n        <\/div><div class=\"eael-entry-wrapper\"><header class=\"eael-entry-header\"><h2 class=\"eael-entry-title\"><a class=\"eael-grid-post-link\" href=\"https:\/\/queijosaovicente.com.br\/site-040825\/quiche-de-frango\/\" title=\"Quiche de Frango\">Quiche de Frango<\/a><\/h2><\/header><\/div><\/div>\n        <\/div>\n    <\/article><article class=\"eael-grid-post  eael-post-grid-column eael-pg-post-11807 category-noticia\" data-id=\"11807\">\n        <div class=\"eael-grid-post-holder\">\n            <div class=\"eael-grid-post-holder-inner\"><div class=\"eael-entry-media\"><div class=\"eael-entry-overlay fade-in\"><i class=\"fas fa-cheese\" aria-hidden=\"true\"><\/i><a href=\"https:\/\/queijosaovicente.com.br\/site-040825\/laticinios-sao-vicente-superacao-reestruturacao-e-novo-ciclo-de-crescimento\/\"><\/a><\/div><div class=\"eael-entry-thumbnail eael-image-ratio\">\n                <img loading=\"lazy\" decoding=\"async\" width=\"450\" height=\"450\" src=\"https:\/\/queijosaovicente.com.br\/site-040825\/wp-content\/uploads\/2025\/04\/alysson-lsv-2-v4-min.png\" class=\"attachment-medium_large size-medium_large wp-image-11816\" alt=\"Alysson Almeida, do S\u00e3o Vicente: capilaridade de mercado favorece vendas.\" srcset=\"https:\/\/queijosaovicente.com.br\/site-040825\/wp-content\/uploads\/2025\/04\/alysson-lsv-2-v4-min.png 450w, https:\/\/queijosaovicente.com.br\/site-040825\/wp-content\/uploads\/2025\/04\/alysson-lsv-2-v4-min-300x300.png 300w, https:\/\/queijosaovicente.com.br\/site-040825\/wp-content\/uploads\/2025\/04\/alysson-lsv-2-v4-min-150x150.png 150w\" sizes=\"(max-width: 450px) 100vw, 450px\" \/>\n            <\/div>\n        <\/div><div class=\"eael-entry-wrapper\"><header class=\"eael-entry-header\"><h2 class=\"eael-entry-title\"><a class=\"eael-grid-post-link\" href=\"https:\/\/queijosaovicente.com.br\/site-040825\/laticinios-sao-vicente-superacao-reestruturacao-e-novo-ciclo-de-crescimento\/\" title=\"Latic\u00ednios S\u00e3o Vicente: supera\u00e7\u00e3o, reestrutura\u00e7\u00e3o e novo ciclo de crescimento\">Latic\u00ednios S\u00e3o Vicente: supera\u00e7\u00e3o, reestrutura\u00e7\u00e3o e novo ciclo de crescimento<\/a><\/h2><\/header><\/div><\/div>\n        <\/div>\n    <\/article><article class=\"eael-grid-post  eael-post-grid-column eael-pg-post-11731 category-institucional\" data-id=\"11731\">\n        <div class=\"eael-grid-post-holder\">\n            <div class=\"eael-grid-post-holder-inner\"><div class=\"eael-entry-media\"><div class=\"eael-entry-overlay fade-in\"><i class=\"fas fa-cheese\" aria-hidden=\"true\"><\/i><a href=\"https:\/\/queijosaovicente.com.br\/site-040825\/sao-vicente-expofood-2025\/\"><\/a><\/div><div class=\"eael-entry-thumbnail eael-image-ratio\">\n                <img loading=\"lazy\" decoding=\"async\" width=\"768\" height=\"426\" src=\"https:\/\/queijosaovicente.com.br\/site-040825\/wp-content\/uploads\/2025\/04\/banner-blog-convite-super-rio-v3-min-768x426.png\" class=\"attachment-medium_large size-medium_large wp-image-11759\" alt=\"\" srcset=\"https:\/\/queijosaovicente.com.br\/site-040825\/wp-content\/uploads\/2025\/04\/banner-blog-convite-super-rio-v3-min-768x426.png 768w, https:\/\/queijosaovicente.com.br\/site-040825\/wp-content\/uploads\/2025\/04\/banner-blog-convite-super-rio-v3-min-300x167.png 300w, https:\/\/queijosaovicente.com.br\/site-040825\/wp-content\/uploads\/2025\/04\/banner-blog-convite-super-rio-v3-min-1024x568.png 1024w, https:\/\/queijosaovicente.com.br\/site-040825\/wp-content\/uploads\/2025\/04\/banner-blog-convite-super-rio-v3-min.png 1081w\" sizes=\"(max-width: 768px) 100vw, 768px\" \/>\n            <\/div>\n        <\/div><div class=\"eael-entry-wrapper\"><header class=\"eael-entry-header\"><h2 class=\"eael-entry-title\"><a class=\"eael-grid-post-link\" href=\"https:\/\/queijosaovicente.com.br\/site-040825\/sao-vicente-expofood-2025\/\" title=\"S\u00e3o Vicente estreia na Super Rio Expofood 2025\">S\u00e3o Vicente estreia na Super Rio Expofood 2025<\/a><\/h2><\/header><\/div><\/div>\n        <\/div>\n    <\/article><\/div>\n            <div class=\"clearfix\"><\/div>\n        <\/div>            <div class=\"eael-load-more-button-wrap eael-force-hide\">\n                <button class=\"eael-load-more-button\" id=\"eael-load-more-btn-9a82d23\" data-widget-id=\"9a82d23\" data-widget=\"9a82d23\" data-page-id=\"8495\" data-template=\"{&quot;dir&quot;:&quot;lite&quot;,&quot;file_name&quot;:&quot;one.php&quot;,&quot;name&quot;:&quot;Post-Grid&quot;}\" data-class=\"Essential_Addons_Elementor\\Elements\\Post_Grid\" data-layout=\"grid\" data-page=\"1\" data-args=\"orderby=date&amp;order=desc&amp;ignore_sticky_posts=1&amp;post_status=publish&amp;posts_per_page=3&amp;offset=0&amp;post_type=post\" data-max-page=\"60\">\n                    <span class=\"eael-btn-loader button__loader\"><\/span>\n                    <span class=\"eael_load_more_text\">Carregar mais +<\/span>\n                <\/button>\n            <\/div>\n            \t\t\t\t<\/div>\n\t\t\t\t<\/div>\n\t\t\t\t<div class=\"elementor-element elementor-element-af35ec9 elementor-align-center elementor-widget elementor-widget-button\" data-id=\"af35ec9\" data-element_type=\"widget\" data-e-type=\"widget\" data-widget_type=\"button.default\">\n\t\t\t\t<div class=\"elementor-widget-container\">\n\t\t\t\t\t\t\t\t\t<div class=\"elementor-button-wrapper\">\n\t\t\t\t\t<a class=\"elementor-button elementor-button-link elementor-size-sm\" href=\"https:\/\/queijosaovicente.com.br\/site-040825\/noticias-dicas-e-receitas\/\">\n\t\t\t\t\t\t<span class=\"elementor-button-content-wrapper\">\n\t\t\t\t\t\t\t\t\t<span class=\"elementor-button-text\">Mais not\u00edcias, dicas e receitas<\/span>\n\t\t\t\t\t<\/span>\n\t\t\t\t\t<\/a>\n\t\t\t\t<\/div>\n\t\t\t\t\t\t\t\t<\/div>\n\t\t\t\t<\/div>\n\t\t\t\t\t<\/div>\n\t\t<\/div>\n\t\t\t\t\t<\/div>\n\t\t<\/section>\n\t\t\t\t<\/div>\n\t\t","protected":false},"excerpt":{"rendered":"<p>ORIGEM MINEIRA, TRADI\u00c7\u00c3O DINAMARQUESA. No in\u00edcio do s\u00e9culo passado, imigrantes dinamarqueses chegaram ao sul de Minas trazendo t\u00e9cnicas singulares para a produ\u00e7\u00e3o de queijos especiais. Os ensinamentos e o pioneirismo dos imigrantes est\u00e3o enraizados na cultura da S\u00e3o Vicente, que \u00e9 refer\u00eancia em inova\u00e7\u00e3o e qualidade na produ\u00e7\u00e3o de queijos especiais, oferecendo uma linha diversificada, [&hellip;]<\/p>\n","protected":false},"author":101013,"featured_media":0,"parent":0,"menu_order":0,"comment_status":"closed","ping_status":"closed","template":"elementor_header_footer","meta":{"ngg_post_thumbnail":0,"footnotes":""},"class_list":["post-8495","page","type-page","status-publish","hentry"],"_links":{"self":[{"href":"https:\/\/queijosaovicente.com.br\/site-040825\/wp-json\/wp\/v2\/pages\/8495","targetHints":{"allow":["GET"]}}],"collection":[{"href":"https:\/\/queijosaovicente.com.br\/site-040825\/wp-json\/wp\/v2\/pages"}],"about":[{"href":"https:\/\/queijosaovicente.com.br\/site-040825\/wp-json\/wp\/v2\/types\/page"}],"author":[{"embeddable":true,"href":"https:\/\/queijosaovicente.com.br\/site-040825\/wp-json\/wp\/v2\/users\/101013"}],"replies":[{"embeddable":true,"href":"https:\/\/queijosaovicente.com.br\/site-040825\/wp-json\/wp\/v2\/comments?post=8495"}],"version-history":[{"count":0,"href":"https:\/\/queijosaovicente.com.br\/site-040825\/wp-json\/wp\/v2\/pages\/8495\/revisions"}],"wp:attachment":[{"href":"https:\/\/queijosaovicente.com.br\/site-040825\/wp-json\/wp\/v2\/media?parent=8495"}],"curies":[{"name":"wp","href":"https:\/\/api.w.org\/{rel}","templated":true}]}}