{"id":8613,"date":"2020-01-13T19:27:40","date_gmt":"2020-01-13T22:27:40","guid":{"rendered":"http:\/\/localhost\/queijosaovicente\/?page_id=8613"},"modified":"2025-09-04T17:23:20","modified_gmt":"2025-09-04T20:23:20","slug":"noticias-dicas-e-receitas","status":"publish","type":"page","link":"https:\/\/queijosaovicente.com.br\/site-040825\/noticias-dicas-e-receitas\/","title":{"rendered":"Not\u00edcias, dicas e receitas"},"content":{"rendered":"\t\t<div data-elementor-type=\"wp-page\" data-elementor-id=\"8613\" class=\"elementor elementor-8613\" data-elementor-post-type=\"page\">\n\t\t\t\t\t\t<section class=\"elementor-section elementor-top-section elementor-element elementor-element-bd8f7fb elementor-section-stretched elementor-section-full_width elementor-section-height-default elementor-section-height-default\" data-id=\"bd8f7fb\" data-element_type=\"section\" data-e-type=\"section\" data-settings=\"{&quot;stretch_section&quot;:&quot;section-stretched&quot;,&quot;background_background&quot;:&quot;classic&quot;}\">\n\t\t\t\t\t\t<div class=\"elementor-container elementor-column-gap-default\">\n\t\t\t\t\t<div class=\"elementor-column elementor-col-100 elementor-top-column elementor-element elementor-element-b5c50fc\" data-id=\"b5c50fc\" data-element_type=\"column\" data-e-type=\"column\">\n\t\t\t<div class=\"elementor-widget-wrap elementor-element-populated\">\n\t\t\t\t\t\t<div class=\"elementor-element elementor-element-93fb173 elementor-widget elementor-widget-spacer\" data-id=\"93fb173\" data-element_type=\"widget\" data-e-type=\"widget\" data-widget_type=\"spacer.default\">\n\t\t\t\t<div class=\"elementor-widget-container\">\n\t\t\t\t\t\t\t<div class=\"elementor-spacer\">\n\t\t\t<div class=\"elementor-spacer-inner\"><\/div>\n\t\t<\/div>\n\t\t\t\t\t\t<\/div>\n\t\t\t\t<\/div>\n\t\t\t\t\t<\/div>\n\t\t<\/div>\n\t\t\t\t\t<\/div>\n\t\t<\/section>\n\t\t\t\t<section class=\"elementor-section elementor-top-section elementor-element elementor-element-e823bb8 elementor-section-boxed elementor-section-height-default elementor-section-height-default\" data-id=\"e823bb8\" data-element_type=\"section\" data-e-type=\"section\">\n\t\t\t\t\t\t<div class=\"elementor-container elementor-column-gap-default\">\n\t\t\t\t\t<div class=\"elementor-column elementor-col-100 elementor-top-column elementor-element elementor-element-bf942c6\" data-id=\"bf942c6\" data-element_type=\"column\" data-e-type=\"column\">\n\t\t\t<div class=\"elementor-widget-wrap elementor-element-populated\">\n\t\t\t\t\t\t<section class=\"elementor-section elementor-inner-section elementor-element elementor-element-b6854fc elementor-section-boxed elementor-section-height-default elementor-section-height-default\" data-id=\"b6854fc\" data-element_type=\"section\" data-e-type=\"section\">\n\t\t\t\t\t\t<div class=\"elementor-container elementor-column-gap-default\">\n\t\t\t\t\t<div class=\"elementor-column elementor-col-33 elementor-inner-column elementor-element elementor-element-8811010\" data-id=\"8811010\" data-element_type=\"column\" data-e-type=\"column\">\n\t\t\t<div class=\"elementor-widget-wrap\">\n\t\t\t\t\t\t\t<\/div>\n\t\t<\/div>\n\t\t\t\t<div class=\"elementor-column elementor-col-33 elementor-inner-column elementor-element elementor-element-1a854e4\" data-id=\"1a854e4\" data-element_type=\"column\" data-e-type=\"column\" data-settings=\"{&quot;background_background&quot;:&quot;classic&quot;}\">\n\t\t\t<div class=\"elementor-widget-wrap elementor-element-populated\">\n\t\t\t\t\t\t<div class=\"elementor-element elementor-element-511a978 elementor-widget elementor-widget-text-editor\" data-id=\"511a978\" data-element_type=\"widget\" data-e-type=\"widget\" data-widget_type=\"text-editor.default\">\n\t\t\t\t<div class=\"elementor-widget-container\">\n\t\t\t\t\t\t\t\t\t<p style=\"text-align: center;\">Not\u00edcias,<\/p><p style=\"text-align: center;\">Dicas e Receitas<\/p>\t\t\t\t\t\t\t\t<\/div>\n\t\t\t\t<\/div>\n\t\t\t\t\t<\/div>\n\t\t<\/div>\n\t\t\t\t<div class=\"elementor-column elementor-col-33 elementor-inner-column elementor-element elementor-element-99a0a5a\" data-id=\"99a0a5a\" data-element_type=\"column\" data-e-type=\"column\">\n\t\t\t<div class=\"elementor-widget-wrap\">\n\t\t\t\t\t\t\t<\/div>\n\t\t<\/div>\n\t\t\t\t\t<\/div>\n\t\t<\/section>\n\t\t\t\t\t<\/div>\n\t\t<\/div>\n\t\t\t\t\t<\/div>\n\t\t<\/section>\n\t\t\t\t<section class=\"elementor-section elementor-top-section elementor-element elementor-element-32047e4 elementor-section-stretched section-blog-white elementor-section-boxed elementor-section-height-default elementor-section-height-default\" data-id=\"32047e4\" data-element_type=\"section\" data-e-type=\"section\" data-settings=\"{&quot;stretch_section&quot;:&quot;section-stretched&quot;}\">\n\t\t\t\t\t\t<div class=\"elementor-container elementor-column-gap-default\">\n\t\t\t\t\t<div class=\"elementor-column elementor-col-100 elementor-top-column elementor-element elementor-element-f5df1ba\" data-id=\"f5df1ba\" data-element_type=\"column\" data-e-type=\"column\">\n\t\t\t<div class=\"elementor-widget-wrap elementor-element-populated\">\n\t\t\t\t\t\t<div class=\"elementor-element elementor-element-719096b elementor-grid-eael-col-3 elementor-grid-tablet-eael-col-2 elementor-grid-mobile-eael-col-1 elementor-widget elementor-widget-eael-post-grid\" data-id=\"719096b\" data-element_type=\"widget\" data-e-type=\"widget\" data-settings=\"{&quot;eael_post_grid_columns&quot;:&quot;eael-col-3&quot;,&quot;eael_post_grid_columns_tablet&quot;:&quot;eael-col-2&quot;,&quot;eael_post_grid_columns_mobile&quot;:&quot;eael-col-1&quot;}\" data-widget_type=\"eael-post-grid.default\">\n\t\t\t\t<div class=\"elementor-widget-container\">\n\t\t\t\t\t<div id=\"eael-post-grid-719096b\" class=\"eael-post-grid-container\">\n            <div class=\"eael-post-grid eael-post-appender eael-post-appender-719096b eael-post-grid-style-one\" data-layout-mode=\"grid\"><article class=\"eael-grid-post  eael-post-grid-column eael-pg-post-11963 category-espaco-gourmet\" data-id=\"11963\">\n        <div class=\"eael-grid-post-holder\">\n            <div class=\"eael-grid-post-holder-inner\"><div class=\"eael-entry-media\"><div class=\"eael-entry-overlay fade-in\"><i class=\"fas fa-cheese\" aria-hidden=\"true\"><\/i><a href=\"https:\/\/queijosaovicente.com.br\/site-040825\/quiche-de-frango\/\"><\/a><\/div><div class=\"eael-entry-thumbnail eael-image-ratio\">\n                <img fetchpriority=\"high\" decoding=\"async\" width=\"768\" height=\"512\" src=\"https:\/\/queijosaovicente.com.br\/site-040825\/wp-content\/uploads\/2025\/05\/quiche-de-frango-min-768x512.jpg\" class=\"attachment-medium_large size-medium_large wp-image-11962\" alt=\"Quiche de Frango\" srcset=\"https:\/\/queijosaovicente.com.br\/site-040825\/wp-content\/uploads\/2025\/05\/quiche-de-frango-min-768x512.jpg 768w, https:\/\/queijosaovicente.com.br\/site-040825\/wp-content\/uploads\/2025\/05\/quiche-de-frango-min-300x200.jpg 300w, https:\/\/queijosaovicente.com.br\/site-040825\/wp-content\/uploads\/2025\/05\/quiche-de-frango-min-1024x683.jpg 1024w, https:\/\/queijosaovicente.com.br\/site-040825\/wp-content\/uploads\/2025\/05\/quiche-de-frango-min-1536x1024.jpg 1536w, https:\/\/queijosaovicente.com.br\/site-040825\/wp-content\/uploads\/2025\/05\/quiche-de-frango-min-2048x1365.jpg 2048w\" sizes=\"(max-width: 768px) 100vw, 768px\" \/>\n            <\/div>\n        <\/div><div class=\"eael-entry-wrapper\"><header class=\"eael-entry-header\"><h2 class=\"eael-entry-title\"><a class=\"eael-grid-post-link\" href=\"https:\/\/queijosaovicente.com.br\/site-040825\/quiche-de-frango\/\" title=\"Quiche de Frango\">Quiche de Frango<\/a><\/h2><\/header><\/div><\/div>\n        <\/div>\n    <\/article><article class=\"eael-grid-post  eael-post-grid-column eael-pg-post-11807 category-noticia\" data-id=\"11807\">\n        <div class=\"eael-grid-post-holder\">\n            <div class=\"eael-grid-post-holder-inner\"><div class=\"eael-entry-media\"><div class=\"eael-entry-overlay fade-in\"><i class=\"fas fa-cheese\" aria-hidden=\"true\"><\/i><a href=\"https:\/\/queijosaovicente.com.br\/site-040825\/laticinios-sao-vicente-superacao-reestruturacao-e-novo-ciclo-de-crescimento\/\"><\/a><\/div><div class=\"eael-entry-thumbnail eael-image-ratio\">\n                <img decoding=\"async\" width=\"450\" height=\"450\" src=\"https:\/\/queijosaovicente.com.br\/site-040825\/wp-content\/uploads\/2025\/04\/alysson-lsv-2-v4-min.png\" class=\"attachment-medium_large size-medium_large wp-image-11816\" alt=\"Alysson Almeida, do S\u00e3o Vicente: capilaridade de mercado favorece vendas.\" srcset=\"https:\/\/queijosaovicente.com.br\/site-040825\/wp-content\/uploads\/2025\/04\/alysson-lsv-2-v4-min.png 450w, https:\/\/queijosaovicente.com.br\/site-040825\/wp-content\/uploads\/2025\/04\/alysson-lsv-2-v4-min-300x300.png 300w, https:\/\/queijosaovicente.com.br\/site-040825\/wp-content\/uploads\/2025\/04\/alysson-lsv-2-v4-min-150x150.png 150w\" sizes=\"(max-width: 450px) 100vw, 450px\" \/>\n            <\/div>\n        <\/div><div class=\"eael-entry-wrapper\"><header class=\"eael-entry-header\"><h2 class=\"eael-entry-title\"><a class=\"eael-grid-post-link\" href=\"https:\/\/queijosaovicente.com.br\/site-040825\/laticinios-sao-vicente-superacao-reestruturacao-e-novo-ciclo-de-crescimento\/\" title=\"Latic\u00ednios S\u00e3o Vicente: supera\u00e7\u00e3o, reestrutura\u00e7\u00e3o e novo ciclo de crescimento\">Latic\u00ednios S\u00e3o Vicente: supera\u00e7\u00e3o, reestrutura\u00e7\u00e3o e novo ciclo de crescimento<\/a><\/h2><\/header><\/div><\/div>\n        <\/div>\n    <\/article><article class=\"eael-grid-post  eael-post-grid-column eael-pg-post-11731 category-institucional\" data-id=\"11731\">\n        <div class=\"eael-grid-post-holder\">\n            <div class=\"eael-grid-post-holder-inner\"><div class=\"eael-entry-media\"><div class=\"eael-entry-overlay fade-in\"><i class=\"fas fa-cheese\" aria-hidden=\"true\"><\/i><a href=\"https:\/\/queijosaovicente.com.br\/site-040825\/sao-vicente-expofood-2025\/\"><\/a><\/div><div class=\"eael-entry-thumbnail eael-image-ratio\">\n                <img decoding=\"async\" width=\"768\" height=\"426\" src=\"https:\/\/queijosaovicente.com.br\/site-040825\/wp-content\/uploads\/2025\/04\/banner-blog-convite-super-rio-v3-min-768x426.png\" class=\"attachment-medium_large size-medium_large wp-image-11759\" alt=\"\" srcset=\"https:\/\/queijosaovicente.com.br\/site-040825\/wp-content\/uploads\/2025\/04\/banner-blog-convite-super-rio-v3-min-768x426.png 768w, https:\/\/queijosaovicente.com.br\/site-040825\/wp-content\/uploads\/2025\/04\/banner-blog-convite-super-rio-v3-min-300x167.png 300w, https:\/\/queijosaovicente.com.br\/site-040825\/wp-content\/uploads\/2025\/04\/banner-blog-convite-super-rio-v3-min-1024x568.png 1024w, https:\/\/queijosaovicente.com.br\/site-040825\/wp-content\/uploads\/2025\/04\/banner-blog-convite-super-rio-v3-min.png 1081w\" sizes=\"(max-width: 768px) 100vw, 768px\" \/>\n            <\/div>\n        <\/div><div class=\"eael-entry-wrapper\"><header class=\"eael-entry-header\"><h2 class=\"eael-entry-title\"><a class=\"eael-grid-post-link\" href=\"https:\/\/queijosaovicente.com.br\/site-040825\/sao-vicente-expofood-2025\/\" title=\"S\u00e3o Vicente estreia na Super Rio Expofood 2025\">S\u00e3o Vicente estreia na Super Rio Expofood 2025<\/a><\/h2><\/header><\/div><\/div>\n        <\/div>\n    <\/article><article class=\"eael-grid-post  eael-post-grid-column eael-pg-post-2588 category-curiosidade\" data-id=\"2588\">\n        <div class=\"eael-grid-post-holder\">\n            <div class=\"eael-grid-post-holder-inner\"><div class=\"eael-entry-media\"><div class=\"eael-entry-overlay fade-in\"><i class=\"fas fa-cheese\" aria-hidden=\"true\"><\/i><a href=\"https:\/\/queijosaovicente.com.br\/site-040825\/voce-conhece-o-queijo-bleu-de-bresse\/\"><\/a><\/div><div class=\"eael-entry-thumbnail eael-image-ratio\">\n                <img loading=\"lazy\" decoding=\"async\" width=\"768\" height=\"512\" src=\"https:\/\/queijosaovicente.com.br\/site-040825\/wp-content\/uploads\/2016\/09\/voce-conhece-o-queijo-bleu-de-bresse-min-768x512.jpg\" class=\"attachment-medium_large size-medium_large wp-image-11698\" alt=\"Voc\u00ea conhece o Queijo Bleu de Bresse?\" srcset=\"https:\/\/queijosaovicente.com.br\/site-040825\/wp-content\/uploads\/2016\/09\/voce-conhece-o-queijo-bleu-de-bresse-min-768x512.jpg 768w, https:\/\/queijosaovicente.com.br\/site-040825\/wp-content\/uploads\/2016\/09\/voce-conhece-o-queijo-bleu-de-bresse-min-300x200.jpg 300w, https:\/\/queijosaovicente.com.br\/site-040825\/wp-content\/uploads\/2016\/09\/voce-conhece-o-queijo-bleu-de-bresse-min-1024x683.jpg 1024w, https:\/\/queijosaovicente.com.br\/site-040825\/wp-content\/uploads\/2016\/09\/voce-conhece-o-queijo-bleu-de-bresse-min-1536x1024.jpg 1536w, https:\/\/queijosaovicente.com.br\/site-040825\/wp-content\/uploads\/2016\/09\/voce-conhece-o-queijo-bleu-de-bresse-min-2048x1365.jpg 2048w\" sizes=\"(max-width: 768px) 100vw, 768px\" \/>\n            <\/div>\n        <\/div><div class=\"eael-entry-wrapper\"><header class=\"eael-entry-header\"><h2 class=\"eael-entry-title\"><a class=\"eael-grid-post-link\" href=\"https:\/\/queijosaovicente.com.br\/site-040825\/voce-conhece-o-queijo-bleu-de-bresse\/\" title=\"Voc\u00ea conhece o Queijo Bleu de Bresse?\u00a0\">Voc\u00ea conhece o Queijo Bleu de Bresse?\u00a0<\/a><\/h2><\/header><\/div><\/div>\n        <\/div>\n    <\/article><article class=\"eael-grid-post  eael-post-grid-column eael-pg-post-11695 category-espaco-gourmet\" data-id=\"11695\">\n        <div class=\"eael-grid-post-holder\">\n            <div class=\"eael-grid-post-holder-inner\"><div class=\"eael-entry-media\"><div class=\"eael-entry-overlay fade-in\"><i class=\"fas fa-cheese\" aria-hidden=\"true\"><\/i><a href=\"https:\/\/queijosaovicente.com.br\/site-040825\/camembert-empanado-com-geleia-de-frutas-vermelhas\/\"><\/a><\/div><div class=\"eael-entry-thumbnail eael-image-ratio\">\n                <img loading=\"lazy\" decoding=\"async\" width=\"768\" height=\"512\" src=\"https:\/\/queijosaovicente.com.br\/site-040825\/wp-content\/uploads\/2025\/01\/camembert-empanado-com-geleia-de-frutas-vermelhas-min-768x512.jpg\" class=\"attachment-medium_large size-medium_large wp-image-11694\" alt=\"Camembert empanado com geleia de frutas vermelhas\" srcset=\"https:\/\/queijosaovicente.com.br\/site-040825\/wp-content\/uploads\/2025\/01\/camembert-empanado-com-geleia-de-frutas-vermelhas-min-768x512.jpg 768w, https:\/\/queijosaovicente.com.br\/site-040825\/wp-content\/uploads\/2025\/01\/camembert-empanado-com-geleia-de-frutas-vermelhas-min-300x200.jpg 300w, https:\/\/queijosaovicente.com.br\/site-040825\/wp-content\/uploads\/2025\/01\/camembert-empanado-com-geleia-de-frutas-vermelhas-min-1024x683.jpg 1024w, https:\/\/queijosaovicente.com.br\/site-040825\/wp-content\/uploads\/2025\/01\/camembert-empanado-com-geleia-de-frutas-vermelhas-min-1536x1024.jpg 1536w, https:\/\/queijosaovicente.com.br\/site-040825\/wp-content\/uploads\/2025\/01\/camembert-empanado-com-geleia-de-frutas-vermelhas-min-2048x1365.jpg 2048w\" sizes=\"(max-width: 768px) 100vw, 768px\" \/>\n            <\/div>\n        <\/div><div class=\"eael-entry-wrapper\"><header class=\"eael-entry-header\"><h2 class=\"eael-entry-title\"><a class=\"eael-grid-post-link\" href=\"https:\/\/queijosaovicente.com.br\/site-040825\/camembert-empanado-com-geleia-de-frutas-vermelhas\/\" title=\"Camembert empanado com geleia de frutas vermelhas\">Camembert empanado com geleia de frutas vermelhas<\/a><\/h2><\/header><\/div><\/div>\n        <\/div>\n    <\/article><article class=\"eael-grid-post  eael-post-grid-column eael-pg-post-11684 category-espaco-gourmet\" data-id=\"11684\">\n        <div class=\"eael-grid-post-holder\">\n            <div class=\"eael-grid-post-holder-inner\"><div class=\"eael-entry-media\"><div class=\"eael-entry-overlay fade-in\"><i class=\"fas fa-cheese\" aria-hidden=\"true\"><\/i><a href=\"https:\/\/queijosaovicente.com.br\/site-040825\/torta-folhada-de-pera-com-queijo-azul-e-mel\/\"><\/a><\/div><div class=\"eael-entry-thumbnail eael-image-ratio\">\n                <img loading=\"lazy\" decoding=\"async\" width=\"768\" height=\"512\" src=\"https:\/\/queijosaovicente.com.br\/site-040825\/wp-content\/uploads\/2024\/12\/torta-folhada-depera-com-queijo-azul-e-mel-min-768x512.jpg\" class=\"attachment-medium_large size-medium_large wp-image-11685\" alt=\"Torta folhada de pera com Queijo Azul e mel\" srcset=\"https:\/\/queijosaovicente.com.br\/site-040825\/wp-content\/uploads\/2024\/12\/torta-folhada-depera-com-queijo-azul-e-mel-min-768x512.jpg 768w, https:\/\/queijosaovicente.com.br\/site-040825\/wp-content\/uploads\/2024\/12\/torta-folhada-depera-com-queijo-azul-e-mel-min-300x200.jpg 300w, https:\/\/queijosaovicente.com.br\/site-040825\/wp-content\/uploads\/2024\/12\/torta-folhada-depera-com-queijo-azul-e-mel-min-1024x683.jpg 1024w, https:\/\/queijosaovicente.com.br\/site-040825\/wp-content\/uploads\/2024\/12\/torta-folhada-depera-com-queijo-azul-e-mel-min-1536x1024.jpg 1536w, https:\/\/queijosaovicente.com.br\/site-040825\/wp-content\/uploads\/2024\/12\/torta-folhada-depera-com-queijo-azul-e-mel-min-2048x1365.jpg 2048w\" sizes=\"(max-width: 768px) 100vw, 768px\" \/>\n            <\/div>\n        <\/div><div class=\"eael-entry-wrapper\"><header class=\"eael-entry-header\"><h2 class=\"eael-entry-title\"><a class=\"eael-grid-post-link\" href=\"https:\/\/queijosaovicente.com.br\/site-040825\/torta-folhada-de-pera-com-queijo-azul-e-mel\/\" title=\"Torta folhada de pera com Queijo Azul e mel\">Torta folhada de pera com Queijo Azul e mel<\/a><\/h2><\/header><\/div><\/div>\n        <\/div>\n    <\/article><article class=\"eael-grid-post  eael-post-grid-column eael-pg-post-11680 category-espaco-gourmet\" data-id=\"11680\">\n        <div class=\"eael-grid-post-holder\">\n            <div class=\"eael-grid-post-holder-inner\"><div class=\"eael-entry-media\"><div class=\"eael-entry-overlay fade-in\"><i class=\"fas fa-cheese\" aria-hidden=\"true\"><\/i><a href=\"https:\/\/queijosaovicente.com.br\/site-040825\/aprenda-a-montar-uma-tabua-de-queijos-em-formato-de-arvore-de-natal\/\"><\/a><\/div><div class=\"eael-entry-thumbnail eael-image-ratio\">\n                <img loading=\"lazy\" decoding=\"async\" width=\"768\" height=\"1152\" src=\"https:\/\/queijosaovicente.com.br\/site-040825\/wp-content\/uploads\/2024\/12\/aprenda-a-montar-uma-tabua-de-queijos-em-formato-de-arvore-de-natal-min-768x1152.jpg\" class=\"attachment-medium_large size-medium_large wp-image-11679\" alt=\"Aprenda a montar uma t\u00e1bua de queijos em formato de \u00e1rvore de Natal\" srcset=\"https:\/\/queijosaovicente.com.br\/site-040825\/wp-content\/uploads\/2024\/12\/aprenda-a-montar-uma-tabua-de-queijos-em-formato-de-arvore-de-natal-min-768x1152.jpg 768w, https:\/\/queijosaovicente.com.br\/site-040825\/wp-content\/uploads\/2024\/12\/aprenda-a-montar-uma-tabua-de-queijos-em-formato-de-arvore-de-natal-min-200x300.jpg 200w, https:\/\/queijosaovicente.com.br\/site-040825\/wp-content\/uploads\/2024\/12\/aprenda-a-montar-uma-tabua-de-queijos-em-formato-de-arvore-de-natal-min-683x1024.jpg 683w, https:\/\/queijosaovicente.com.br\/site-040825\/wp-content\/uploads\/2024\/12\/aprenda-a-montar-uma-tabua-de-queijos-em-formato-de-arvore-de-natal-min-1024x1536.jpg 1024w, https:\/\/queijosaovicente.com.br\/site-040825\/wp-content\/uploads\/2024\/12\/aprenda-a-montar-uma-tabua-de-queijos-em-formato-de-arvore-de-natal-min-1365x2048.jpg 1365w, https:\/\/queijosaovicente.com.br\/site-040825\/wp-content\/uploads\/2024\/12\/aprenda-a-montar-uma-tabua-de-queijos-em-formato-de-arvore-de-natal-min.jpg 1414w\" sizes=\"(max-width: 768px) 100vw, 768px\" \/>\n            <\/div>\n        <\/div><div class=\"eael-entry-wrapper\"><header class=\"eael-entry-header\"><h2 class=\"eael-entry-title\"><a class=\"eael-grid-post-link\" href=\"https:\/\/queijosaovicente.com.br\/site-040825\/aprenda-a-montar-uma-tabua-de-queijos-em-formato-de-arvore-de-natal\/\" title=\"Aprenda a montar uma t\u00e1bua de queijos em formato de \u00e1rvore de Natal\">Aprenda a montar uma t\u00e1bua de queijos em formato de \u00e1rvore de Natal<\/a><\/h2><\/header><\/div><\/div>\n        <\/div>\n    <\/article><article class=\"eael-grid-post  eael-post-grid-column eael-pg-post-11675 category-espaco-gourmet\" data-id=\"11675\">\n        <div class=\"eael-grid-post-holder\">\n            <div class=\"eael-grid-post-holder-inner\"><div class=\"eael-entry-media\"><div class=\"eael-entry-overlay fade-in\"><i class=\"fas fa-cheese\" aria-hidden=\"true\"><\/i><a href=\"https:\/\/queijosaovicente.com.br\/site-040825\/crostinis-de-brie-com-roma\/\"><\/a><\/div><div class=\"eael-entry-thumbnail eael-image-ratio\">\n                <img loading=\"lazy\" decoding=\"async\" width=\"768\" height=\"509\" src=\"https:\/\/queijosaovicente.com.br\/site-040825\/wp-content\/uploads\/2024\/12\/crostinis-de-brie-com-roma-min-768x509.jpg\" class=\"attachment-medium_large size-medium_large wp-image-11676\" alt=\"Crostinis de Brie com rom\u00e3\" srcset=\"https:\/\/queijosaovicente.com.br\/site-040825\/wp-content\/uploads\/2024\/12\/crostinis-de-brie-com-roma-min-768x509.jpg 768w, https:\/\/queijosaovicente.com.br\/site-040825\/wp-content\/uploads\/2024\/12\/crostinis-de-brie-com-roma-min-300x199.jpg 300w, https:\/\/queijosaovicente.com.br\/site-040825\/wp-content\/uploads\/2024\/12\/crostinis-de-brie-com-roma-min-1024x678.jpg 1024w, https:\/\/queijosaovicente.com.br\/site-040825\/wp-content\/uploads\/2024\/12\/crostinis-de-brie-com-roma-min-1536x1018.jpg 1536w, https:\/\/queijosaovicente.com.br\/site-040825\/wp-content\/uploads\/2024\/12\/crostinis-de-brie-com-roma-min-2048x1357.jpg 2048w\" sizes=\"(max-width: 768px) 100vw, 768px\" \/>\n            <\/div>\n        <\/div><div class=\"eael-entry-wrapper\"><header class=\"eael-entry-header\"><h2 class=\"eael-entry-title\"><a class=\"eael-grid-post-link\" href=\"https:\/\/queijosaovicente.com.br\/site-040825\/crostinis-de-brie-com-roma\/\" title=\"Crostinis de Brie com rom\u00e3\">Crostinis de Brie com rom\u00e3<\/a><\/h2><\/header><\/div><\/div>\n        <\/div>\n    <\/article><article class=\"eael-grid-post  eael-post-grid-column eael-pg-post-11669 category-espaco-gourmet\" data-id=\"11669\">\n        <div class=\"eael-grid-post-holder\">\n            <div class=\"eael-grid-post-holder-inner\"><div class=\"eael-entry-media\"><div class=\"eael-entry-overlay fade-in\"><i class=\"fas fa-cheese\" aria-hidden=\"true\"><\/i><a href=\"https:\/\/queijosaovicente.com.br\/site-040825\/dadinhos-de-tapioca-com-queijo-de-coalho\/\"><\/a><\/div><div class=\"eael-entry-thumbnail eael-image-ratio\">\n                <img loading=\"lazy\" decoding=\"async\" width=\"768\" height=\"512\" src=\"https:\/\/queijosaovicente.com.br\/site-040825\/wp-content\/uploads\/2024\/11\/dadinhos-de-tapioca-com-queijo-de-coalho-min-768x512.jpg\" class=\"attachment-medium_large size-medium_large wp-image-11670\" alt=\"Dadinhos de Tapioca com Queijo de Coalho\" srcset=\"https:\/\/queijosaovicente.com.br\/site-040825\/wp-content\/uploads\/2024\/11\/dadinhos-de-tapioca-com-queijo-de-coalho-min-768x512.jpg 768w, https:\/\/queijosaovicente.com.br\/site-040825\/wp-content\/uploads\/2024\/11\/dadinhos-de-tapioca-com-queijo-de-coalho-min-300x200.jpg 300w, https:\/\/queijosaovicente.com.br\/site-040825\/wp-content\/uploads\/2024\/11\/dadinhos-de-tapioca-com-queijo-de-coalho-min-1024x683.jpg 1024w, https:\/\/queijosaovicente.com.br\/site-040825\/wp-content\/uploads\/2024\/11\/dadinhos-de-tapioca-com-queijo-de-coalho-min-1536x1024.jpg 1536w, https:\/\/queijosaovicente.com.br\/site-040825\/wp-content\/uploads\/2024\/11\/dadinhos-de-tapioca-com-queijo-de-coalho-min-2048x1365.jpg 2048w\" sizes=\"(max-width: 768px) 100vw, 768px\" \/>\n            <\/div>\n        <\/div><div class=\"eael-entry-wrapper\"><header class=\"eael-entry-header\"><h2 class=\"eael-entry-title\"><a class=\"eael-grid-post-link\" href=\"https:\/\/queijosaovicente.com.br\/site-040825\/dadinhos-de-tapioca-com-queijo-de-coalho\/\" title=\"Dadinhos de Tapioca com Queijo de Coalho\">Dadinhos de Tapioca com Queijo de Coalho<\/a><\/h2><\/header><\/div><\/div>\n        <\/div>\n    <\/article><article class=\"eael-grid-post  eael-post-grid-column eael-pg-post-11665 category-espaco-gourmet\" data-id=\"11665\">\n        <div class=\"eael-grid-post-holder\">\n            <div class=\"eael-grid-post-holder-inner\"><div class=\"eael-entry-media\"><div class=\"eael-entry-overlay fade-in\"><i class=\"fas fa-cheese\" aria-hidden=\"true\"><\/i><a href=\"https:\/\/queijosaovicente.com.br\/site-040825\/spaghetti-cacio-e-pepe-com-queijo-montanhes\/\"><\/a><\/div><div class=\"eael-entry-thumbnail eael-image-ratio\">\n                <img loading=\"lazy\" decoding=\"async\" width=\"768\" height=\"512\" src=\"https:\/\/queijosaovicente.com.br\/site-040825\/wp-content\/uploads\/2024\/11\/spaghetti-cacio-e-pepe-com-queijo-montanhes-768x512.jpg\" class=\"attachment-medium_large size-medium_large wp-image-11666\" alt=\"Spaghetti Cacio e Pepe com Queijo Montanh\u00eas\" srcset=\"https:\/\/queijosaovicente.com.br\/site-040825\/wp-content\/uploads\/2024\/11\/spaghetti-cacio-e-pepe-com-queijo-montanhes-768x512.jpg 768w, https:\/\/queijosaovicente.com.br\/site-040825\/wp-content\/uploads\/2024\/11\/spaghetti-cacio-e-pepe-com-queijo-montanhes-300x200.jpg 300w, https:\/\/queijosaovicente.com.br\/site-040825\/wp-content\/uploads\/2024\/11\/spaghetti-cacio-e-pepe-com-queijo-montanhes-1024x683.jpg 1024w, https:\/\/queijosaovicente.com.br\/site-040825\/wp-content\/uploads\/2024\/11\/spaghetti-cacio-e-pepe-com-queijo-montanhes-1536x1024.jpg 1536w, https:\/\/queijosaovicente.com.br\/site-040825\/wp-content\/uploads\/2024\/11\/spaghetti-cacio-e-pepe-com-queijo-montanhes-2048x1365.jpg 2048w\" sizes=\"(max-width: 768px) 100vw, 768px\" \/>\n            <\/div>\n        <\/div><div class=\"eael-entry-wrapper\"><header class=\"eael-entry-header\"><h2 class=\"eael-entry-title\"><a class=\"eael-grid-post-link\" href=\"https:\/\/queijosaovicente.com.br\/site-040825\/spaghetti-cacio-e-pepe-com-queijo-montanhes\/\" title=\"Spaghetti Cacio e Pepe com Queijo Montanh\u00eas\">Spaghetti Cacio e Pepe com Queijo Montanh\u00eas<\/a><\/h2><\/header><\/div><\/div>\n        <\/div>\n    <\/article><article class=\"eael-grid-post  eael-post-grid-column eael-pg-post-2426 category-contos-de-queijo\" data-id=\"2426\">\n        <div class=\"eael-grid-post-holder\">\n            <div class=\"eael-grid-post-holder-inner\"><div class=\"eael-entry-media\"><div class=\"eael-entry-overlay fade-in\"><i class=\"fas fa-cheese\" aria-hidden=\"true\"><\/i><a href=\"https:\/\/queijosaovicente.com.br\/site-040825\/a-origem-do-queijo-brie\/\"><\/a><\/div><div class=\"eael-entry-thumbnail eael-image-ratio\">\n                <img loading=\"lazy\" decoding=\"async\" width=\"768\" height=\"512\" src=\"https:\/\/queijosaovicente.com.br\/site-040825\/wp-content\/uploads\/2016\/05\/a-origem-do-queijo-brie-768x512.jpg\" class=\"attachment-medium_large size-medium_large wp-image-11616\" alt=\"A Origem do Queijo Brie\" srcset=\"https:\/\/queijosaovicente.com.br\/site-040825\/wp-content\/uploads\/2016\/05\/a-origem-do-queijo-brie-768x512.jpg 768w, https:\/\/queijosaovicente.com.br\/site-040825\/wp-content\/uploads\/2016\/05\/a-origem-do-queijo-brie-300x200.jpg 300w, https:\/\/queijosaovicente.com.br\/site-040825\/wp-content\/uploads\/2016\/05\/a-origem-do-queijo-brie-1024x683.jpg 1024w, https:\/\/queijosaovicente.com.br\/site-040825\/wp-content\/uploads\/2016\/05\/a-origem-do-queijo-brie-1536x1024.jpg 1536w, https:\/\/queijosaovicente.com.br\/site-040825\/wp-content\/uploads\/2016\/05\/a-origem-do-queijo-brie.jpg 1920w\" sizes=\"(max-width: 768px) 100vw, 768px\" \/>\n            <\/div>\n        <\/div><div class=\"eael-entry-wrapper\"><header class=\"eael-entry-header\"><h2 class=\"eael-entry-title\"><a class=\"eael-grid-post-link\" href=\"https:\/\/queijosaovicente.com.br\/site-040825\/a-origem-do-queijo-brie\/\" title=\"A Origem do Queijo Brie\">A Origem do Queijo Brie<\/a><\/h2><\/header><\/div><\/div>\n        <\/div>\n    <\/article><article class=\"eael-grid-post  eael-post-grid-column eael-pg-post-11571 category-espaco-gourmet\" data-id=\"11571\">\n        <div class=\"eael-grid-post-holder\">\n            <div class=\"eael-grid-post-holder-inner\"><div class=\"eael-entry-media\"><div class=\"eael-entry-overlay fade-in\"><i class=\"fas fa-cheese\" aria-hidden=\"true\"><\/i><a href=\"https:\/\/queijosaovicente.com.br\/site-040825\/camembert-assado-no-pao-italiano\/\"><\/a><\/div><div class=\"eael-entry-thumbnail eael-image-ratio\">\n                <img loading=\"lazy\" decoding=\"async\" width=\"768\" height=\"480\" src=\"https:\/\/queijosaovicente.com.br\/site-040825\/wp-content\/uploads\/2024\/07\/camembert-assado-no-pao-italiano-768x480.jpg\" class=\"attachment-medium_large size-medium_large wp-image-11572\" alt=\"Camembert assado no p\u00e3o italiano\" srcset=\"https:\/\/queijosaovicente.com.br\/site-040825\/wp-content\/uploads\/2024\/07\/camembert-assado-no-pao-italiano-768x480.jpg 768w, https:\/\/queijosaovicente.com.br\/site-040825\/wp-content\/uploads\/2024\/07\/camembert-assado-no-pao-italiano-300x188.jpg 300w, https:\/\/queijosaovicente.com.br\/site-040825\/wp-content\/uploads\/2024\/07\/camembert-assado-no-pao-italiano-1024x640.jpg 1024w, https:\/\/queijosaovicente.com.br\/site-040825\/wp-content\/uploads\/2024\/07\/camembert-assado-no-pao-italiano-1536x960.jpg 1536w, https:\/\/queijosaovicente.com.br\/site-040825\/wp-content\/uploads\/2024\/07\/camembert-assado-no-pao-italiano-2048x1280.jpg 2048w\" sizes=\"(max-width: 768px) 100vw, 768px\" \/>\n            <\/div>\n        <\/div><div class=\"eael-entry-wrapper\"><header class=\"eael-entry-header\"><h2 class=\"eael-entry-title\"><a class=\"eael-grid-post-link\" href=\"https:\/\/queijosaovicente.com.br\/site-040825\/camembert-assado-no-pao-italiano\/\" title=\"Camembert assado no p\u00e3o italiano\">Camembert assado no p\u00e3o italiano<\/a><\/h2><\/header><\/div><\/div>\n        <\/div>\n    <\/article><\/div>\n            <div class=\"clearfix\"><\/div>\n        <\/div>            <div class=\"eael-load-more-button-wrap\">\n                <button class=\"eael-load-more-button\" id=\"eael-load-more-btn-719096b\" data-widget-id=\"719096b\" data-widget=\"719096b\" data-page-id=\"8613\" data-template=\"{&quot;dir&quot;:&quot;lite&quot;,&quot;file_name&quot;:&quot;one.php&quot;,&quot;name&quot;:&quot;Post-Grid&quot;}\" data-class=\"Essential_Addons_Elementor\\Elements\\Post_Grid\" data-layout=\"grid\" data-page=\"1\" data-args=\"orderby=date&amp;order=desc&amp;ignore_sticky_posts=1&amp;post_status=publish&amp;posts_per_page=12&amp;offset=&amp;post_type=post&amp;author__in%5B0%5D=101013\" data-max-page=\"3\">\n                    <span class=\"eael-btn-loader button__loader\"><\/span>\n                    <span class=\"eael_load_more_text\">Ver mais +<\/span>\n                <\/button>\n            <\/div>\n            \t\t\t\t<\/div>\n\t\t\t\t<\/div>\n\t\t\t\t\t<\/div>\n\t\t<\/div>\n\t\t\t\t\t<\/div>\n\t\t<\/section>\n\t\t\t\t<\/div>\n\t\t","protected":false},"excerpt":{"rendered":"<p>Not\u00edcias, Dicas e Receitas Quiche de Frango Latic\u00ednios S\u00e3o Vicente: supera\u00e7\u00e3o, reestrutura\u00e7\u00e3o e novo ciclo de crescimento S\u00e3o Vicente estreia na Super Rio Expofood 2025 Voc\u00ea conhece o Queijo Bleu de Bresse?\u00a0 Camembert empanado com geleia de frutas vermelhas Torta folhada de pera com Queijo Azul e mel Aprenda a montar uma t\u00e1bua de queijos [&hellip;]<\/p>\n","protected":false},"author":101013,"featured_media":0,"parent":0,"menu_order":0,"comment_status":"closed","ping_status":"closed","template":"","meta":{"ngg_post_thumbnail":0,"footnotes":""},"class_list":["post-8613","page","type-page","status-publish","hentry"],"_links":{"self":[{"href":"https:\/\/queijosaovicente.com.br\/site-040825\/wp-json\/wp\/v2\/pages\/8613","targetHints":{"allow":["GET"]}}],"collection":[{"href":"https:\/\/queijosaovicente.com.br\/site-040825\/wp-json\/wp\/v2\/pages"}],"about":[{"href":"https:\/\/queijosaovicente.com.br\/site-040825\/wp-json\/wp\/v2\/types\/page"}],"author":[{"embeddable":true,"href":"https:\/\/queijosaovicente.com.br\/site-040825\/wp-json\/wp\/v2\/users\/101013"}],"replies":[{"embeddable":true,"href":"https:\/\/queijosaovicente.com.br\/site-040825\/wp-json\/wp\/v2\/comments?post=8613"}],"version-history":[{"count":0,"href":"https:\/\/queijosaovicente.com.br\/site-040825\/wp-json\/wp\/v2\/pages\/8613\/revisions"}],"wp:attachment":[{"href":"https:\/\/queijosaovicente.com.br\/site-040825\/wp-json\/wp\/v2\/media?parent=8613"}],"curies":[{"name":"wp","href":"https:\/\/api.w.org\/{rel}","templated":true}]}}