{"id":8694,"date":"2020-02-04T14:07:17","date_gmt":"2020-02-04T14:07:17","guid":{"rendered":"http:\/\/localhost\/queijosaovicente\/?page_id=8694"},"modified":"2025-09-04T19:12:18","modified_gmt":"2025-09-04T22:12:18","slug":"bleu-de-bresse","status":"publish","type":"page","link":"https:\/\/queijosaovicente.com.br\/site-040825\/nossos-queijos\/bleu-de-bresse\/","title":{"rendered":"Bleu de Bresse &#8211; SPECIALIT\u00c9"},"content":{"rendered":"\t\t<div data-elementor-type=\"wp-page\" data-elementor-id=\"8694\" class=\"elementor elementor-8694\" data-elementor-post-type=\"page\">\n\t\t\t\t\t\t<section class=\"elementor-section elementor-top-section elementor-element elementor-element-bd8f7fb elementor-section-stretched elementor-section-full_width elementor-section-height-default elementor-section-height-default\" data-id=\"bd8f7fb\" data-element_type=\"section\" data-e-type=\"section\" data-settings=\"{&quot;stretch_section&quot;:&quot;section-stretched&quot;,&quot;background_background&quot;:&quot;classic&quot;}\">\n\t\t\t\t\t\t<div class=\"elementor-container elementor-column-gap-default\">\n\t\t\t\t\t<div class=\"elementor-column elementor-col-100 elementor-top-column elementor-element elementor-element-b5c50fc\" data-id=\"b5c50fc\" data-element_type=\"column\" data-e-type=\"column\">\n\t\t\t<div class=\"elementor-widget-wrap elementor-element-populated\">\n\t\t\t\t\t\t<div class=\"elementor-element elementor-element-93fb173 elementor-widget elementor-widget-spacer\" data-id=\"93fb173\" data-element_type=\"widget\" data-e-type=\"widget\" data-widget_type=\"spacer.default\">\n\t\t\t\t<div class=\"elementor-widget-container\">\n\t\t\t\t\t\t\t<div class=\"elementor-spacer\">\n\t\t\t<div class=\"elementor-spacer-inner\"><\/div>\n\t\t<\/div>\n\t\t\t\t\t\t<\/div>\n\t\t\t\t<\/div>\n\t\t\t\t\t<\/div>\n\t\t<\/div>\n\t\t\t\t\t<\/div>\n\t\t<\/section>\n\t\t\t\t<section class=\"elementor-section elementor-top-section elementor-element elementor-element-ff6dc45 elementor-section-boxed elementor-section-height-default elementor-section-height-default\" data-id=\"ff6dc45\" data-element_type=\"section\" data-e-type=\"section\">\n\t\t\t\t\t\t<div class=\"elementor-container elementor-column-gap-default\">\n\t\t\t\t\t<div class=\"elementor-column elementor-col-100 elementor-top-column elementor-element elementor-element-72e6bdf\" data-id=\"72e6bdf\" data-element_type=\"column\" data-e-type=\"column\">\n\t\t\t<div class=\"elementor-widget-wrap elementor-element-populated\">\n\t\t\t\t\t\t<section class=\"elementor-section elementor-inner-section elementor-element elementor-element-d617fb9 elementor-section-boxed elementor-section-height-default elementor-section-height-default\" data-id=\"d617fb9\" data-element_type=\"section\" data-e-type=\"section\">\n\t\t\t\t\t\t<div class=\"elementor-container elementor-column-gap-default\">\n\t\t\t\t\t<div class=\"elementor-column elementor-col-33 elementor-inner-column elementor-element elementor-element-6938706\" data-id=\"6938706\" data-element_type=\"column\" data-e-type=\"column\">\n\t\t\t<div class=\"elementor-widget-wrap\">\n\t\t\t\t\t\t\t<\/div>\n\t\t<\/div>\n\t\t\t\t<div class=\"elementor-column elementor-col-33 elementor-inner-column elementor-element elementor-element-944a9a7\" data-id=\"944a9a7\" data-element_type=\"column\" data-e-type=\"column\" data-settings=\"{&quot;background_background&quot;:&quot;classic&quot;}\">\n\t\t\t<div class=\"elementor-widget-wrap elementor-element-populated\">\n\t\t\t\t\t\t<div class=\"elementor-element elementor-element-d05ba53 elementor-widget elementor-widget-text-editor\" data-id=\"d05ba53\" data-element_type=\"widget\" data-e-type=\"widget\" data-widget_type=\"text-editor.default\">\n\t\t\t\t<div class=\"elementor-widget-container\">\n\t\t\t\t\t\t\t\t\t<p style=\"text-align: center;\">.<\/p>\t\t\t\t\t\t\t\t<\/div>\n\t\t\t\t<\/div>\n\t\t\t\t<div class=\"elementor-element elementor-element-24ec1c2 elementor-widget elementor-widget-text-editor\" data-id=\"24ec1c2\" data-element_type=\"widget\" data-e-type=\"widget\" data-widget_type=\"text-editor.default\">\n\t\t\t\t<div class=\"elementor-widget-container\">\n\t\t\t\t\t\t\t\t\t<p style=\"text-align: center;\">BLEU DE\u00a0 BRESSE<\/p>\t\t\t\t\t\t\t\t<\/div>\n\t\t\t\t<\/div>\n\t\t\t\t\t<\/div>\n\t\t<\/div>\n\t\t\t\t<div class=\"elementor-column elementor-col-33 elementor-inner-column elementor-element elementor-element-73ec6d9\" data-id=\"73ec6d9\" data-element_type=\"column\" data-e-type=\"column\">\n\t\t\t<div class=\"elementor-widget-wrap\">\n\t\t\t\t\t\t\t<\/div>\n\t\t<\/div>\n\t\t\t\t\t<\/div>\n\t\t<\/section>\n\t\t\t\t\t<\/div>\n\t\t<\/div>\n\t\t\t\t\t<\/div>\n\t\t<\/section>\n\t\t\t\t<section class=\"elementor-section elementor-top-section elementor-element elementor-element-2e543e4 elementor-section-boxed elementor-section-height-default elementor-section-height-default\" data-id=\"2e543e4\" data-element_type=\"section\" data-e-type=\"section\">\n\t\t\t\t\t\t<div class=\"elementor-container elementor-column-gap-default\">\n\t\t\t\t\t<div class=\"elementor-column elementor-col-66 elementor-top-column elementor-element elementor-element-936d8d2\" data-id=\"936d8d2\" data-element_type=\"column\" data-e-type=\"column\">\n\t\t\t<div class=\"elementor-widget-wrap elementor-element-populated\">\n\t\t\t\t\t\t<div class=\"elementor-element elementor-element-09c1e36 elementor-widget elementor-widget-text-editor\" data-id=\"09c1e36\" data-element_type=\"widget\" data-e-type=\"widget\" data-widget_type=\"text-editor.default\">\n\t\t\t\t<div class=\"elementor-widget-container\">\n\t\t\t\t\t\t\t\t\t<p>Caracter\u00edsticas:<\/p>\t\t\t\t\t\t\t\t<\/div>\n\t\t\t\t<\/div>\n\t\t\t\t<div class=\"elementor-element elementor-element-d32c809 elementor-widget elementor-widget-text-editor\" data-id=\"d32c809\" data-element_type=\"widget\" data-e-type=\"widget\" data-widget_type=\"text-editor.default\">\n\t\t\t\t<div class=\"elementor-widget-container\">\n\t\t\t\t\t\t\t\t\t<p>O queijo tipo Bleu de Bresse Sp\u00e9cialit\u00e9 traz as melhores caracter\u00edsticas dos queijos brie e gorgonzola em um produto \u00fanico, de sabor marcante e equilibrado entre os dois mofos com uma textura cremosa que se intensifica com o avan\u00e7o da sua matura\u00e7\u00e3o.\u200b<\/p>\t\t\t\t\t\t\t\t<\/div>\n\t\t\t\t<\/div>\n\t\t\t\t<div class=\"elementor-element elementor-element-064d29d elementor-widget elementor-widget-text-editor\" data-id=\"064d29d\" data-element_type=\"widget\" data-e-type=\"widget\" data-widget_type=\"text-editor.default\">\n\t\t\t\t<div class=\"elementor-widget-container\">\n\t\t\t\t\t\t\t\t\t<p>Sugest\u00e3o de consumo:<\/p>\t\t\t\t\t\t\t\t<\/div>\n\t\t\t\t<\/div>\n\t\t\t\t<div class=\"elementor-element elementor-element-e0de084 elementor-widget elementor-widget-text-editor\" data-id=\"e0de084\" data-element_type=\"widget\" data-e-type=\"widget\" data-widget_type=\"text-editor.default\">\n\t\t\t\t<div class=\"elementor-widget-container\">\n\t\t\t\t\t\t\t\t\t<p>Experimente desfrutar deste queijo de sabor marcante em uma t\u00e1bua de queijos refinada, acompanhado de frutas frescas, como peras ou uvas, e nozes.<\/p>\t\t\t\t\t\t\t\t<\/div>\n\t\t\t\t<\/div>\n\t\t\t\t<div class=\"elementor-element elementor-element-527802e elementor-widget elementor-widget-text-editor\" data-id=\"527802e\" data-element_type=\"widget\" data-e-type=\"widget\" data-widget_type=\"text-editor.default\">\n\t\t\t\t<div class=\"elementor-widget-container\">\n\t\t\t\t\t\t\t\t\t<p>Harmoniza\u00e7\u00e3o com vinhos:<\/p>\t\t\t\t\t\t\t\t<\/div>\n\t\t\t\t<\/div>\n\t\t\t\t<div class=\"elementor-element elementor-element-3336d3e elementor-widget elementor-widget-text-editor\" data-id=\"3336d3e\" data-element_type=\"widget\" data-e-type=\"widget\" data-widget_type=\"text-editor.default\">\n\t\t\t\t<div class=\"elementor-widget-container\">\n\t\t\t\t\t\t\t\t\t<ul><li>Merlot\u200b<\/li><li>Pinot Noir\u200b<\/li><li>Riesling\u200b<\/li><\/ul>\t\t\t\t\t\t\t\t<\/div>\n\t\t\t\t<\/div>\n\t\t\t\t<div class=\"elementor-element elementor-element-02158b3 elementor-widget elementor-widget-text-editor\" data-id=\"02158b3\" data-element_type=\"widget\" data-e-type=\"widget\" data-widget_type=\"text-editor.default\">\n\t\t\t\t<div class=\"elementor-widget-container\">\n\t\t\t\t\t\t\t\t\t<p>Harmoniza\u00e7\u00e3o com cervejas:<\/p>\t\t\t\t\t\t\t\t<\/div>\n\t\t\t\t<\/div>\n\t\t\t\t<div class=\"elementor-element elementor-element-5dc1268 elementor-widget elementor-widget-text-editor\" data-id=\"5dc1268\" data-element_type=\"widget\" data-e-type=\"widget\" data-widget_type=\"text-editor.default\">\n\t\t\t\t<div class=\"elementor-widget-container\">\n\t\t\t\t\t\t\t\t\t<ul><li>Belgian \u200b<\/li><li>Strong Ale\u200b<\/li><li>Stout\u200b<\/li><\/ul>\t\t\t\t\t\t\t\t<\/div>\n\t\t\t\t<\/div>\n\t\t\t\t\t<\/div>\n\t\t<\/div>\n\t\t\t\t<div class=\"elementor-column elementor-col-33 elementor-top-column elementor-element elementor-element-058f8b7\" data-id=\"058f8b7\" data-element_type=\"column\" data-e-type=\"column\">\n\t\t\t<div class=\"elementor-widget-wrap elementor-element-populated\">\n\t\t\t\t\t\t<div class=\"elementor-element elementor-element-12448f3 elementor-widget elementor-widget-image\" data-id=\"12448f3\" data-element_type=\"widget\" data-e-type=\"widget\" data-widget_type=\"image.default\">\n\t\t\t\t<div class=\"elementor-widget-container\">\n\t\t\t\t\t\t\t\t\t\t\t\t\t\t\t<img decoding=\"async\" src=\"https:\/\/queijosaovicente.com.br\/site-040825\/wp-content\/uploads\/2024\/02\/bleu-de-bresse-imagem-scaled.jpg\" title=\"Bleu de Bresse\" alt=\"Bleu de Bresse\" loading=\"lazy\" \/>\t\t\t\t\t\t\t\t\t\t\t\t\t\t\t<\/div>\n\t\t\t\t<\/div>\n\t\t\t\t<div class=\"elementor-element elementor-element-8f2e3d3 elementor-widget elementor-widget-text-editor\" data-id=\"8f2e3d3\" data-element_type=\"widget\" data-e-type=\"widget\" data-widget_type=\"text-editor.default\">\n\t\t\t\t<div class=\"elementor-widget-container\">\n\t\t\t\t\t\t\t\t\t<p><a href=\"https:\/\/https:\/\/queijosaovicente.com.br\/\/wp-content\/uploads\/2020\/02\/france.jpg\"><img fetchpriority=\"high\" decoding=\"async\" class=\"aligncenter wp-image-8688 size-full\" src=\"https:\/\/https:\/\/queijosaovicente.com.br\/\/wp-content\/uploads\/2020\/02\/france.jpg\" alt=\"\" width=\"261\" height=\"259\" srcset=\"https:\/\/queijosaovicente.com.br\/site-040825\/wp-content\/uploads\/2020\/02\/france.jpg 261w, https:\/\/queijosaovicente.com.br\/site-040825\/wp-content\/uploads\/2020\/02\/france-150x150.jpg 150w\" sizes=\"(max-width: 261px) 100vw, 261px\" \/><\/a><\/p><p style=\"text-align: center;\"><span style=\"color: #d7b634;\">Origem:<\/span> Fran\u00e7a<\/p><p style=\"text-align: center;\"><span style=\"color: #d7b634;\">Regi\u00e3o:<\/span> <span class=\"TextRun BCX0 SCXW151268601\" lang=\"PT-BR\" xml:lang=\"PT-BR\" data-contrast=\"auto\"><span class=\"NormalTextRun BCX0 SCXW151268601\" data-ccp-parastyle=\"Normal (Web)\">Bresse<\/span><\/span><\/p>\t\t\t\t\t\t\t\t<\/div>\n\t\t\t\t<\/div>\n\t\t\t\t<div class=\"elementor-element elementor-element-8be82f9 elementor-widget elementor-widget-image\" data-id=\"8be82f9\" data-element_type=\"widget\" data-e-type=\"widget\" data-widget_type=\"image.default\">\n\t\t\t\t<div class=\"elementor-widget-container\">\n\t\t\t\t\t\t\t\t\t\t\t\t\t\t\t<img decoding=\"async\" src=\"https:\/\/queijosaovicente.com.br\/site-040825\/wp-content\/uploads\/2024\/02\/packshot-bleu-de-bresse-roda.png\" title=\"Queijo Bleu de Bresse Sp\u00e9cialit\u00e9\" alt=\"Queijo Bleu de Bresse Sp\u00e9cialit\u00e9\" loading=\"lazy\" \/>\t\t\t\t\t\t\t\t\t\t\t\t\t\t\t<\/div>\n\t\t\t\t<\/div>\n\t\t\t\t\t<\/div>\n\t\t<\/div>\n\t\t\t\t\t<\/div>\n\t\t<\/section>\n\t\t\t\t<section class=\"elementor-section elementor-top-section elementor-element elementor-element-2e60c7eb elementor-section-stretched section-blogX section-blog-white elementor-section-boxed elementor-section-height-default elementor-section-height-default\" data-id=\"2e60c7eb\" data-element_type=\"section\" data-e-type=\"section\" data-settings=\"{&quot;stretch_section&quot;:&quot;section-stretched&quot;,&quot;background_background&quot;:&quot;classic&quot;}\">\n\t\t\t\t\t\t<div class=\"elementor-container elementor-column-gap-default\">\n\t\t\t\t\t<div class=\"elementor-column elementor-col-100 elementor-top-column elementor-element elementor-element-7e8c6e0b\" data-id=\"7e8c6e0b\" data-element_type=\"column\" data-e-type=\"column\">\n\t\t\t<div class=\"elementor-widget-wrap elementor-element-populated\">\n\t\t\t\t\t\t<div class=\"elementor-element elementor-element-4702acc7 title-blog elementor-widget elementor-widget-text-editor\" data-id=\"4702acc7\" data-element_type=\"widget\" data-e-type=\"widget\" data-widget_type=\"text-editor.default\">\n\t\t\t\t<div class=\"elementor-widget-container\">\n\t\t\t\t\t\t\t\t\t<p style=\"text-align: center;\">Not\u00edcias, dicas e receitas<\/p>\t\t\t\t\t\t\t\t<\/div>\n\t\t\t\t<\/div>\n\t\t\t\t<div class=\"elementor-element elementor-element-170bf75a elementor-grid-eael-col-3 elementor-grid-tablet-eael-col-2 elementor-grid-mobile-eael-col-1 elementor-widget elementor-widget-eael-post-grid\" data-id=\"170bf75a\" data-element_type=\"widget\" data-e-type=\"widget\" data-settings=\"{&quot;eael_post_grid_columns&quot;:&quot;eael-col-3&quot;,&quot;eael_post_grid_columns_tablet&quot;:&quot;eael-col-2&quot;,&quot;eael_post_grid_columns_mobile&quot;:&quot;eael-col-1&quot;}\" data-widget_type=\"eael-post-grid.default\">\n\t\t\t\t<div class=\"elementor-widget-container\">\n\t\t\t\t\t<div id=\"eael-post-grid-170bf75a\" class=\"eael-post-grid-container\">\n            <div class=\"eael-post-grid eael-post-appender eael-post-appender-170bf75a eael-post-grid-style-one\" data-layout-mode=\"grid\"><article class=\"eael-grid-post  eael-post-grid-column eael-pg-post-11963 category-espaco-gourmet\" data-id=\"11963\">\n        <div class=\"eael-grid-post-holder\">\n            <div class=\"eael-grid-post-holder-inner\"><div class=\"eael-entry-media\"><div class=\"eael-entry-overlay fade-in\"><i class=\"fas fa-cheese\" aria-hidden=\"true\"><\/i><a href=\"https:\/\/queijosaovicente.com.br\/site-040825\/quiche-de-frango\/\"><\/a><\/div><div class=\"eael-entry-thumbnail eael-image-ratio\">\n                <img decoding=\"async\" width=\"768\" height=\"512\" src=\"https:\/\/queijosaovicente.com.br\/site-040825\/wp-content\/uploads\/2025\/05\/quiche-de-frango-min-768x512.jpg\" class=\"attachment-medium_large size-medium_large wp-image-11962\" alt=\"Quiche de Frango\" srcset=\"https:\/\/queijosaovicente.com.br\/site-040825\/wp-content\/uploads\/2025\/05\/quiche-de-frango-min-768x512.jpg 768w, https:\/\/queijosaovicente.com.br\/site-040825\/wp-content\/uploads\/2025\/05\/quiche-de-frango-min-300x200.jpg 300w, https:\/\/queijosaovicente.com.br\/site-040825\/wp-content\/uploads\/2025\/05\/quiche-de-frango-min-1024x683.jpg 1024w, https:\/\/queijosaovicente.com.br\/site-040825\/wp-content\/uploads\/2025\/05\/quiche-de-frango-min-1536x1024.jpg 1536w, https:\/\/queijosaovicente.com.br\/site-040825\/wp-content\/uploads\/2025\/05\/quiche-de-frango-min-2048x1365.jpg 2048w\" sizes=\"(max-width: 768px) 100vw, 768px\" \/>\n            <\/div>\n        <\/div><div class=\"eael-entry-wrapper\"><header class=\"eael-entry-header\"><h2 class=\"eael-entry-title\"><a class=\"eael-grid-post-link\" href=\"https:\/\/queijosaovicente.com.br\/site-040825\/quiche-de-frango\/\" title=\"Quiche de Frango\">Quiche de Frango<\/a><\/h2><\/header><\/div><\/div>\n        <\/div>\n    <\/article><article class=\"eael-grid-post  eael-post-grid-column eael-pg-post-11807 category-noticia\" data-id=\"11807\">\n        <div class=\"eael-grid-post-holder\">\n            <div class=\"eael-grid-post-holder-inner\"><div class=\"eael-entry-media\"><div class=\"eael-entry-overlay fade-in\"><i class=\"fas fa-cheese\" aria-hidden=\"true\"><\/i><a href=\"https:\/\/queijosaovicente.com.br\/site-040825\/laticinios-sao-vicente-superacao-reestruturacao-e-novo-ciclo-de-crescimento\/\"><\/a><\/div><div class=\"eael-entry-thumbnail eael-image-ratio\">\n                <img decoding=\"async\" width=\"450\" height=\"450\" src=\"https:\/\/queijosaovicente.com.br\/site-040825\/wp-content\/uploads\/2025\/04\/alysson-lsv-2-v4-min.png\" class=\"attachment-medium_large size-medium_large wp-image-11816\" alt=\"Alysson Almeida, do S\u00e3o Vicente: capilaridade de mercado favorece vendas.\" srcset=\"https:\/\/queijosaovicente.com.br\/site-040825\/wp-content\/uploads\/2025\/04\/alysson-lsv-2-v4-min.png 450w, https:\/\/queijosaovicente.com.br\/site-040825\/wp-content\/uploads\/2025\/04\/alysson-lsv-2-v4-min-300x300.png 300w, https:\/\/queijosaovicente.com.br\/site-040825\/wp-content\/uploads\/2025\/04\/alysson-lsv-2-v4-min-150x150.png 150w\" sizes=\"(max-width: 450px) 100vw, 450px\" \/>\n            <\/div>\n        <\/div><div class=\"eael-entry-wrapper\"><header class=\"eael-entry-header\"><h2 class=\"eael-entry-title\"><a class=\"eael-grid-post-link\" href=\"https:\/\/queijosaovicente.com.br\/site-040825\/laticinios-sao-vicente-superacao-reestruturacao-e-novo-ciclo-de-crescimento\/\" title=\"Latic\u00ednios S\u00e3o Vicente: supera\u00e7\u00e3o, reestrutura\u00e7\u00e3o e novo ciclo de crescimento\">Latic\u00ednios S\u00e3o Vicente: supera\u00e7\u00e3o, reestrutura\u00e7\u00e3o e novo ciclo de crescimento<\/a><\/h2><\/header><\/div><\/div>\n        <\/div>\n    <\/article><article class=\"eael-grid-post  eael-post-grid-column eael-pg-post-11731 category-institucional\" data-id=\"11731\">\n        <div class=\"eael-grid-post-holder\">\n            <div class=\"eael-grid-post-holder-inner\"><div class=\"eael-entry-media\"><div class=\"eael-entry-overlay fade-in\"><i class=\"fas fa-cheese\" aria-hidden=\"true\"><\/i><a href=\"https:\/\/queijosaovicente.com.br\/site-040825\/sao-vicente-expofood-2025\/\"><\/a><\/div><div class=\"eael-entry-thumbnail eael-image-ratio\">\n                <img loading=\"lazy\" decoding=\"async\" width=\"768\" height=\"426\" src=\"https:\/\/queijosaovicente.com.br\/site-040825\/wp-content\/uploads\/2025\/04\/banner-blog-convite-super-rio-v3-min-768x426.png\" class=\"attachment-medium_large size-medium_large wp-image-11759\" alt=\"\" srcset=\"https:\/\/queijosaovicente.com.br\/site-040825\/wp-content\/uploads\/2025\/04\/banner-blog-convite-super-rio-v3-min-768x426.png 768w, https:\/\/queijosaovicente.com.br\/site-040825\/wp-content\/uploads\/2025\/04\/banner-blog-convite-super-rio-v3-min-300x167.png 300w, https:\/\/queijosaovicente.com.br\/site-040825\/wp-content\/uploads\/2025\/04\/banner-blog-convite-super-rio-v3-min-1024x568.png 1024w, https:\/\/queijosaovicente.com.br\/site-040825\/wp-content\/uploads\/2025\/04\/banner-blog-convite-super-rio-v3-min.png 1081w\" sizes=\"(max-width: 768px) 100vw, 768px\" \/>\n            <\/div>\n        <\/div><div class=\"eael-entry-wrapper\"><header class=\"eael-entry-header\"><h2 class=\"eael-entry-title\"><a class=\"eael-grid-post-link\" href=\"https:\/\/queijosaovicente.com.br\/site-040825\/sao-vicente-expofood-2025\/\" title=\"S\u00e3o Vicente estreia na Super Rio Expofood 2025\">S\u00e3o Vicente estreia na Super Rio Expofood 2025<\/a><\/h2><\/header><\/div><\/div>\n        <\/div>\n    <\/article><\/div>\n            <div class=\"clearfix\"><\/div>\n        <\/div>            <div class=\"eael-load-more-button-wrap eael-force-hide\">\n                <button class=\"eael-load-more-button\" id=\"eael-load-more-btn-170bf75a\" data-widget-id=\"170bf75a\" data-widget=\"170bf75a\" data-page-id=\"8694\" data-template=\"{&quot;dir&quot;:&quot;lite&quot;,&quot;file_name&quot;:&quot;one.php&quot;,&quot;name&quot;:&quot;Post-Grid&quot;}\" data-class=\"Essential_Addons_Elementor\\Elements\\Post_Grid\" data-layout=\"grid\" data-page=\"1\" data-args=\"orderby=date&amp;order=desc&amp;ignore_sticky_posts=1&amp;post_status=publish&amp;posts_per_page=3&amp;offset=0&amp;post_type=post\" data-max-page=\"60\">\n                    <span class=\"eael-btn-loader button__loader\"><\/span>\n                    <span class=\"eael_load_more_text\">Carregar mais +<\/span>\n                <\/button>\n            <\/div>\n            \t\t\t\t<\/div>\n\t\t\t\t<\/div>\n\t\t\t\t<div class=\"elementor-element elementor-element-2e5c9558 elementor-align-center elementor-widget elementor-widget-button\" data-id=\"2e5c9558\" data-element_type=\"widget\" data-e-type=\"widget\" data-widget_type=\"button.default\">\n\t\t\t\t<div class=\"elementor-widget-container\">\n\t\t\t\t\t\t\t\t\t<div class=\"elementor-button-wrapper\">\n\t\t\t\t\t<a class=\"elementor-button elementor-button-link elementor-size-sm\" href=\"https:\/\/queijosaovicente.com.br\/site-040825\/noticias-dicas-e-receitas\/\">\n\t\t\t\t\t\t<span class=\"elementor-button-content-wrapper\">\n\t\t\t\t\t\t\t\t\t<span class=\"elementor-button-text\">Mais not\u00edcias, dicas e receitas<\/span>\n\t\t\t\t\t<\/span>\n\t\t\t\t\t<\/a>\n\t\t\t\t<\/div>\n\t\t\t\t\t\t\t\t<\/div>\n\t\t\t\t<\/div>\n\t\t\t\t\t<\/div>\n\t\t<\/div>\n\t\t\t\t\t<\/div>\n\t\t<\/section>\n\t\t\t\t<\/div>\n\t\t","protected":false},"excerpt":{"rendered":"<p>. BLEU DE\u00a0 BRESSE Caracter\u00edsticas: O queijo tipo Bleu de Bresse Sp\u00e9cialit\u00e9 traz as melhores caracter\u00edsticas dos queijos brie e gorgonzola em um produto \u00fanico, de sabor marcante e equilibrado entre os dois mofos com uma textura cremosa que se intensifica com o avan\u00e7o da sua matura\u00e7\u00e3o.\u200b Sugest\u00e3o de consumo: Experimente desfrutar deste queijo de [&hellip;]<\/p>\n","protected":false},"author":101013,"featured_media":0,"parent":8540,"menu_order":0,"comment_status":"closed","ping_status":"closed","template":"","meta":{"ngg_post_thumbnail":0,"footnotes":""},"class_list":["post-8694","page","type-page","status-publish","hentry"],"_links":{"self":[{"href":"https:\/\/queijosaovicente.com.br\/site-040825\/wp-json\/wp\/v2\/pages\/8694","targetHints":{"allow":["GET"]}}],"collection":[{"href":"https:\/\/queijosaovicente.com.br\/site-040825\/wp-json\/wp\/v2\/pages"}],"about":[{"href":"https:\/\/queijosaovicente.com.br\/site-040825\/wp-json\/wp\/v2\/types\/page"}],"author":[{"embeddable":true,"href":"https:\/\/queijosaovicente.com.br\/site-040825\/wp-json\/wp\/v2\/users\/101013"}],"replies":[{"embeddable":true,"href":"https:\/\/queijosaovicente.com.br\/site-040825\/wp-json\/wp\/v2\/comments?post=8694"}],"version-history":[{"count":0,"href":"https:\/\/queijosaovicente.com.br\/site-040825\/wp-json\/wp\/v2\/pages\/8694\/revisions"}],"up":[{"embeddable":true,"href":"https:\/\/queijosaovicente.com.br\/site-040825\/wp-json\/wp\/v2\/pages\/8540"}],"wp:attachment":[{"href":"https:\/\/queijosaovicente.com.br\/site-040825\/wp-json\/wp\/v2\/media?parent=8694"}],"curies":[{"name":"wp","href":"https:\/\/api.w.org\/{rel}","templated":true}]}}